{"id":1861,"date":"2025-08-13T15:15:47","date_gmt":"2025-08-13T15:15:47","guid":{"rendered":"https:\/\/www.mutualucyd.com\/turismo\/?post_type=product&#038;p=1861"},"modified":"2025-08-13T15:16:02","modified_gmt":"2025-08-13T15:16:02","slug":"colombia","status":"publish","type":"product","link":"https:\/\/www.mutualucyd.com\/turismo\/destino\/colombia\/","title":{"rendered":"Colombia"},"content":{"rendered":"<div id='full_slider_1'  class='avia-fullwidth-slider main_color avia-shadow   avia-builder-el-0  el_before_av_submenu  avia-builder-el-first   container_wrap fullsize'  >\n<style type=\"text\/css\" data-created_by=\"avia_inline_auto\" id=\"style-css-av-mea301hr-1733e808ca3ea66abbfead04dfd4e5e5\">\n#top #wrap_all .avia-slideshow .av-slideshow-caption.av-mea301hr-1733e808ca3ea66abbfead04dfd4e5e5__0 .avia-caption-title{\nfont-size:70px;\n}\n#top .avia-slideshow .av-slideshow-caption.av-mea301hr-1733e808ca3ea66abbfead04dfd4e5e5__0 .avia-caption-content{\nfont-size:50px;\n}\n#top .avia-slideshow .av-slideshow-caption.av-mea301hr-1733e808ca3ea66abbfead04dfd4e5e5__0 .avia-caption-content p{\nfont-size:50px;\n}\n<\/style>\n<div  class='avia-slideshow av-mea301hr-1733e808ca3ea66abbfead04dfd4e5e5 avia-slideshow-featured av_slideshow_full avia-fade-slider av-slideshow-ui av-control-minimal av-slideshow-autoplay av-loop-endless av-loop-manual-endless av-default-height-applied   avia-slideshow-1' data-slideshow-options=\"{&quot;animation&quot;:&quot;fade&quot;,&quot;autoplay&quot;:true,&quot;loop_autoplay&quot;:&quot;endless&quot;,&quot;interval&quot;:5,&quot;loop_manual&quot;:&quot;manual-endless&quot;,&quot;autoplay_stopper&quot;:false,&quot;noNavigation&quot;:false,&quot;bg_slider&quot;:false,&quot;keep_padding&quot;:false,&quot;hoverpause&quot;:false,&quot;show_slide_delay&quot;:0}\"  itemprop=\"image\" itemscope=\"itemscope\" itemtype=\"https:\/\/schema.org\/ImageObject\" ><ul class='avia-slideshow-inner ' style='padding-bottom: 30.714285714286%;'><li  class='avia-slideshow-slide av-mea301hr-1733e808ca3ea66abbfead04dfd4e5e5__0  av-single-slide slide-1 slide-odd'><div data-rel='slideshow-1' class='avia-slide-wrap '   ><div class='av-slideshow-caption av-mea301hr-1733e808ca3ea66abbfead04dfd4e5e5__0 caption_fullwidth caption_center caption_center_framed caption_framed'><div class=\"container caption_container\"><div class=\"slideshow_caption\"><div class=\"slideshow_inner_caption\"><div class=\"slideshow_align_caption\"><h2 class='avia-caption-title '  itemprop=\"name\" >Colombia<\/h2><div class='avia-caption-content '  itemprop=\"description\" ><p>Salida grupal<\/p>\n<\/div><\/div><\/div><\/div><\/div><\/div><img decoding=\"async\" fetchpriority=\"high\" class=\"wp-image-774 avia-img-lazy-loading-not-774\"  src=\"https:\/\/www.mutualucyd.com\/turismo\/wp-content\/uploads\/2018\/10\/1400-cartagena-colombia-night.imgcache.rev1409085835879.web_.1400.720-1400x430.jpg\" width=\"1400\" height=\"430\" title='1400-cartagena-colombia-night.imgcache.rev1409085835879.web.1400.720' alt=''  itemprop=\"thumbnailUrl\"   \/><div class='av-section-color-overlay' style='opacity: 0.3; background-color: #000000; '><\/div><\/div><\/li><\/ul><\/div><\/div>\n<div class='clear'><\/div><div id='sub_menu1'  class='av-submenu-container av-av_submenu-ec8dedc179b7cb6022ac85a0d8a12a42 main_color  avia-builder-el-1  el_after_av_slideshow_full  el_before_av_layout_row  av-sticky-submenu submenu-not-first container_wrap fullsize' style='z-index:301' ><div class='container av-menu-mobile-disabled av-submenu-pos-center'><ul id='av-custom-submenu-1' class='av-subnav-menu' role='menu'>\n<li class='menu-item av-av_submenu_item-99f9442c3eb2c81ae2991aa5023a803c menu-item-top-level menu-item-top-level-1' role='menuitem'><a href='#info-basica'  ><span class='avia-bullet'><\/span><span class='avia-menu-text'>Informaci\u00f3n b\u00e1sica<\/span><\/a><\/li>\n<li class='menu-item av-av_submenu_item-06a73e58971adda6c062c46bbe2d0818 menu-item-top-level menu-item-top-level-2' role='menuitem'><a href='#destacados'  ><span class='avia-bullet'><\/span><span class='avia-menu-text'>Destacados del viaje<\/span><\/a><\/li>\n<li class='menu-item av-av_submenu_item-cc5152d650cdbd453a33974e94797df5 menu-item-top-level menu-item-top-level-3' role='menuitem'><a href='#actividades'  ><span class='avia-bullet'><\/span><span class='avia-menu-text'>Actividades<\/span><\/a><\/li>\n<li class='menu-item av-av_submenu_item-d8d07343c3414c6d0192169b204c0b0e menu-item-top-level menu-item-top-level-4' role='menuitem'><a href='#ubicacion'  ><span class='avia-bullet'><\/span><span class='avia-menu-text'>Ubicaci\u00f3n<\/span><\/a><\/li>\n<li class='menu-item av-av_submenu_item-30cb5472ef9d10e2a0f0ff9de38983ee menu-item-top-level menu-item-top-level-5' role='menuitem'><a href='#top'  ><span class='avia-bullet'><\/span><span class='avia-menu-text'>Volver<\/span><\/a><\/li>\n<\/ul><\/div><\/div><div class='sticky_placeholder'><\/div>\n<div id='info-basica'  class='av-layout-grid-container av-av_layout_row-ce899fe74bc3b91847d39a53cfe48ffc entry-content-wrapper main_color av-flex-cells  avia-builder-el-2  el_after_av_submenu  el_before_av_section  grid-row-not-first  container_wrap fullsize'  >\n\n<style type=\"text\/css\" data-created_by=\"avia_inline_auto\" id=\"style-css-av-av_cell_one_half-d42352d9f9c1b875559b5836670096f2\">\n.flex_cell.av-av_cell_one_half-d42352d9f9c1b875559b5836670096f2{\nvertical-align:middle;\n}\n.responsive #top #wrap_all .flex_cell.av-av_cell_one_half-d42352d9f9c1b875559b5836670096f2{\npadding:50px 50px 50px 50px !important;\n}\n<\/style>\n<div class='flex_cell av-av_cell_one_half-d42352d9f9c1b875559b5836670096f2 av-gridrow-cell av_one_half no_margin  avia-builder-el-3  el_before_av_cell_one_half  avia-builder-el-first '  ><div class='flex_cell_inner'><p>\n<style type=\"text\/css\" data-created_by=\"avia_inline_auto\" id=\"style-css-av-mea2ygvc-e21f23ac03778a8b42e1e134ad1abb8f\">\n#top .av_textblock_section.av-mea2ygvc-e21f23ac03778a8b42e1e134ad1abb8f .avia_textblock{\nfont-size:20px;\n}\n<\/style>\n<section  class='av_textblock_section av-mea2ygvc-e21f23ac03778a8b42e1e134ad1abb8f '   itemscope=\"itemscope\" itemtype=\"https:\/\/schema.org\/CreativeWork\" ><div class='avia_textblock'  itemprop=\"text\" ><p><a href=\"https:\/\/www.facebook.com\/hashtag\/viajaconlamutual\">#ViajaconlaMutual<\/a>. Visit\u00e1 Colombia! <a href=\"https:\/\/www.facebook.com\/hashtag\/turismomutual\">#TurismoMutual<\/a>\u00a0\u00a0Plan\u00e9a tus\u00a0<a href=\"https:\/\/www.facebook.com\/hashtag\/pr%C3%B3ximasvacaciones\">#Pr\u00f3ximasvacaciones<\/a>. Pase\u00e1 con la Mutual UCyD.<\/p>\n<\/div><\/section><br \/>\n\n<style type=\"text\/css\" data-created_by=\"avia_inline_auto\" id=\"style-css-av-av_one_half-f1f88be822a74ccd78731c222cb053c2\">\n.flex_column.av-av_one_half-f1f88be822a74ccd78731c222cb053c2{\nborder-radius:0px 0px 0px 0px;\npadding:0px 0px 0px 0px;\n}\n<\/style>\n<div  class='flex_column av-av_one_half-f1f88be822a74ccd78731c222cb053c2 av_one_half  avia-builder-el-5  el_after_av_textblock  avia-builder-el-last  first flex_column_div av-zero-column-padding  column-top-margin'     ><style type=\"text\/css\" data-created_by=\"avia_inline_auto\" id=\"style-css-av-mea344oz-e2e803d5ef6f8bad5b0696f10545121d\">\n#top .avia-icon-list-container.av-mea344oz-e2e803d5ef6f8bad5b0696f10545121d .iconlist_icon{\ncolor:#ffffff;\nbackground-color:#edae44;\nborder:1px solid #edae44;\n}\n<\/style>\n<div  class='avia-icon-list-container av-mea344oz-e2e803d5ef6f8bad5b0696f10545121d  avia-builder-el-6  avia-builder-el-no-sibling '><ul class='avia-icon-list avia_animate_when_almost_visible avia-icon-list-left av-iconlist-big av-mea344oz-e2e803d5ef6f8bad5b0696f10545121d avia-iconlist-animate'>\n<li><div class='iconlist_icon av-mea327zg-c1f978b3eb879954a0f2afde6a47a3b3 avia-font-entypo-fontello'><span class='iconlist-char' aria-hidden='true' data-av_icon='\ue85b' data-av_iconfont='entypo-fontello'><\/span><\/div><article class=\"article-icon-entry \"  itemscope=\"itemscope\" itemtype=\"https:\/\/schema.org\/CreativeWork\" ><div class=\"iconlist_content_wrap\"><header class=\"entry-content-header\"><h4 class='av_iconlist_title iconlist_title  '  itemprop=\"headline\" >Salida el 12 de septiembre<\/h4><\/header><div class='iconlist_content '  itemprop=\"text\" ><p>A\u00e9reo desde Ezeiza con Avianca con equipaje en bodega<\/p>\n<\/div><\/div><footer class=\"entry-footer\"><\/footer><\/article><div class=\"iconlist-timeline\"><\/div><\/li>\n<li><div class='iconlist_icon av-mea32ug3-dab0e345942f103ff94b8b0ab7ba4770 avia-font-fontello'><span class='iconlist-char' aria-hidden='true' data-av_icon='\ue824' data-av_iconfont='fontello'><\/span><\/div><article class=\"article-icon-entry \"  itemscope=\"itemscope\" itemtype=\"https:\/\/schema.org\/CreativeWork\" ><div class=\"iconlist_content_wrap\"><header class=\"entry-content-header\"><h4 class='av_iconlist_title iconlist_title  '  itemprop=\"headline\" >12 noches de Alojamiento.<\/h4><\/header><div class='iconlist_content '  itemprop=\"text\" ><p>Bogota 3 noches, Medell\u00edn 3 noches, Salento 3 noches, Cartagena 3 noches.<\/p>\n<\/div><\/div><footer class=\"entry-footer\"><\/footer><\/article><div class=\"iconlist-timeline\"><\/div><\/li>\n<li><div class='iconlist_icon av-av_iconlist_item-30ef4a4af8f3a514ffe27bb1ffd9ead6 avia-font-fontello'><span class='iconlist-char' aria-hidden='true' data-av_icon='\ue80b' data-av_iconfont='fontello'><\/span><\/div><article class=\"article-icon-entry av-iconlist-empty\"  itemscope=\"itemscope\" itemtype=\"https:\/\/schema.org\/CreativeWork\" ><div class=\"iconlist_content_wrap\"><header class=\"entry-content-header\"><h4 class='av_iconlist_title iconlist_title  '  itemprop=\"headline\" >BUS con Coordinador permanente<\/h4><\/header><div class='iconlist_content '  itemprop=\"text\" ><\/div><\/div><footer class=\"entry-footer\"><\/footer><\/article><div class=\"iconlist-timeline\"><\/div><\/li>\n<li><div class='iconlist_icon av-av_iconlist_item-eab1ce45c4cb7d82ac2b47c34b3f887c avia-font-fontello'><span class='iconlist-char' aria-hidden='true' data-av_icon='\ue821' data-av_iconfont='fontello'><\/span><\/div><article class=\"article-icon-entry av-iconlist-empty\"  itemscope=\"itemscope\" itemtype=\"https:\/\/schema.org\/CreativeWork\" ><div class=\"iconlist_content_wrap\"><header class=\"entry-content-header\"><h4 class='av_iconlist_title iconlist_title  '  itemprop=\"headline\" >Seguro de asistencia al viajero.<\/h4><\/header><div class='iconlist_content '  itemprop=\"text\" ><\/div><\/div><footer class=\"entry-footer\"><\/footer><\/article><div class=\"iconlist-timeline\"><\/div><\/li>\n<li><div class='iconlist_icon av-mea343dj-4f81ea4897369904cb7f236dc26a5183 avia-font-entypo-fontello'><span class='iconlist-char' aria-hidden='true' data-av_icon='\ue80f' data-av_iconfont='entypo-fontello'><\/span><\/div><article class=\"article-icon-entry \"  itemscope=\"itemscope\" itemtype=\"https:\/\/schema.org\/CreativeWork\" ><div class=\"iconlist_content_wrap\"><header class=\"entry-content-header\"><h4 class='av_iconlist_title iconlist_title  '  itemprop=\"headline\" > Excursiones incluidas<\/h4><\/header><div class='iconlist_content '  itemprop=\"text\" ><p>&#8211; City Tour en Bogot\u00e1 con ascenso a Monserrate<\/p>\n<p>&#8211; City Tour en Medellin y Comuna 13<\/p>\n<p>&#8211; Tour Guatap\u00e9 y el Pe\u00f1ol; Tour Salento y Valle del Cocora<\/p>\n<p>&#8211; Siembra de Palmas de Cera<\/p>\n<p>&#8211; Tour Experiencia Cafetera y Deporte Nacional (Tejo)<\/p>\n<p>&#8211; City Tour Cartagena<\/p>\n<p>&#8211; Full Day Islas del Rosario<\/p>\n<p>&#8211; Entradas y visitas seg\u00fan el itinerario<\/p>\n<\/div><\/div><footer class=\"entry-footer\"><\/footer><\/article><div class=\"iconlist-timeline\"><\/div><\/li>\n<li><div class='iconlist_icon av-av_iconlist_item-480c893c0c5a290eed922bc11fbe3762 avia-font-entypo-fontello'><span class='iconlist-char' aria-hidden='true' data-av_icon='\ue8cf' data-av_iconfont='entypo-fontello'><\/span><\/div><article class=\"article-icon-entry av-iconlist-empty\"  itemscope=\"itemscope\" itemtype=\"https:\/\/schema.org\/CreativeWork\" ><div class=\"iconlist_content_wrap\"><header class=\"entry-content-header\"><h4 class='av_iconlist_title iconlist_title  '  itemprop=\"headline\" >Financi\u00e1 todo en 12 cuotas<\/h4><\/header><div class='iconlist_content '  itemprop=\"text\" ><\/div><\/div><footer class=\"entry-footer\"><\/footer><\/article><div class=\"iconlist-timeline\"><\/div><\/li>\n<\/ul><\/div><\/div><\/p>\n<\/div><\/div>\n<style type=\"text\/css\" data-created_by=\"avia_inline_auto\" id=\"style-css-av-av_cell_one_half-31ba348bcc62b0e06ebee4eacd569657\">\n.flex_cell.av-av_cell_one_half-31ba348bcc62b0e06ebee4eacd569657{\nvertical-align:top;\nbackground-color:#ffffff;\n}\n.responsive #top #wrap_all .flex_cell.av-av_cell_one_half-31ba348bcc62b0e06ebee4eacd569657{\npadding:20px 20px 20px 20px !important;\n}\n<\/style>\n<div class='flex_cell av-av_cell_one_half-31ba348bcc62b0e06ebee4eacd569657 av-gridrow-cell av_one_half no_margin av-hide-on-mobile  avia-builder-el-7  el_after_av_cell_one_half  avia-builder-el-last  avia-full-stretch'  ><div class='flex_cell_inner'>\n<style type=\"text\/css\" data-created_by=\"avia_inline_auto\" id=\"style-css-av-mea2xskr-4286d9e77c53164e63cb749204e7dcf9\">\n.avia-image-container.av-mea2xskr-4286d9e77c53164e63cb749204e7dcf9 img.avia_image{\nbox-shadow:none;\n}\n.avia-image-container.av-mea2xskr-4286d9e77c53164e63cb749204e7dcf9 .av-image-caption-overlay-center{\ncolor:#ffffff;\n}\n<\/style>\n<div  class='avia-image-container av-mea2xskr-4286d9e77c53164e63cb749204e7dcf9 av-styling- avia-align-center  avia-builder-el-8  avia-builder-el-no-sibling '   itemprop=\"image\" itemscope=\"itemscope\" itemtype=\"https:\/\/schema.org\/ImageObject\" ><div class=\"avia-image-container-inner\"><div class=\"avia-image-overlay-wrap\"><a href=\"https:\/\/www.mutualucyd.com\/turismo\/wp-content\/uploads\/2025\/08\/COLOMBIA-SEPT-824x1030.png\" data-srcset=\"https:\/\/www.mutualucyd.com\/turismo\/wp-content\/uploads\/2025\/08\/COLOMBIA-SEPT-824x1030.png 824w, https:\/\/www.mutualucyd.com\/turismo\/wp-content\/uploads\/2025\/08\/COLOMBIA-SEPT-400x500.png 400w, https:\/\/www.mutualucyd.com\/turismo\/wp-content\/uploads\/2025\/08\/COLOMBIA-SEPT-768x960.png 768w, https:\/\/www.mutualucyd.com\/turismo\/wp-content\/uploads\/2025\/08\/COLOMBIA-SEPT-564x705.png 564w, https:\/\/www.mutualucyd.com\/turismo\/wp-content\/uploads\/2025\/08\/COLOMBIA-SEPT-450x563.png 450w, https:\/\/www.mutualucyd.com\/turismo\/wp-content\/uploads\/2025\/08\/COLOMBIA-SEPT-600x750.png 600w, https:\/\/www.mutualucyd.com\/turismo\/wp-content\/uploads\/2025\/08\/COLOMBIA-SEPT.png 1080w\" data-sizes=\"(max-width: 824px) 100vw, 824px\" class='avia_image'  aria-label='COLOMBIA SEPT'><img decoding=\"async\" fetchpriority=\"high\" class='wp-image-1862 avia-img-lazy-loading-not-1862 avia_image ' src=\"https:\/\/www.mutualucyd.com\/turismo\/wp-content\/uploads\/2025\/08\/COLOMBIA-SEPT-400x500.png\" alt='' title='COLOMBIA SEPT'  height=\"500\" width=\"400\"  itemprop=\"thumbnailUrl\" srcset=\"https:\/\/www.mutualucyd.com\/turismo\/wp-content\/uploads\/2025\/08\/COLOMBIA-SEPT-400x500.png 400w, https:\/\/www.mutualucyd.com\/turismo\/wp-content\/uploads\/2025\/08\/COLOMBIA-SEPT-824x1030.png 824w, https:\/\/www.mutualucyd.com\/turismo\/wp-content\/uploads\/2025\/08\/COLOMBIA-SEPT-768x960.png 768w, https:\/\/www.mutualucyd.com\/turismo\/wp-content\/uploads\/2025\/08\/COLOMBIA-SEPT-564x705.png 564w, https:\/\/www.mutualucyd.com\/turismo\/wp-content\/uploads\/2025\/08\/COLOMBIA-SEPT-450x563.png 450w, https:\/\/www.mutualucyd.com\/turismo\/wp-content\/uploads\/2025\/08\/COLOMBIA-SEPT-600x750.png 600w, https:\/\/www.mutualucyd.com\/turismo\/wp-content\/uploads\/2025\/08\/COLOMBIA-SEPT.png 1080w\" sizes=\"(max-width: 400px) 100vw, 400px\" \/><\/a><\/div><\/div><\/div>\n<\/div><\/div><\/div><div id='av_section_1'  class='avia-section av-av_section-1930dae5ee2a8c436e145b9aa6aff6b4 main_color avia-section-default avia-no-border-styling  avia-builder-el-9  el_after_av_layout_row  el_before_av_section  av-desktop-hide av-medium-hide avia-bg-style-scroll container_wrap fullsize'  ><div class='container av-section-cont-open' ><div class='template-page content  av-content-full alpha units'><div class='post-entry post-entry-type-page post-entry-1861'><div class='entry-content-wrapper clearfix'>\n\n<\/p>\n<\/div><\/div><\/div><!-- close content main div --><\/div><\/div><div id='destacados'  class='avia-section av-av_section-2bf6100dfec5c1e9f6e605b5f60d2839 alternate_color avia-section-large avia-no-shadow  avia-builder-el-11  el_after_av_section  el_before_av_layout_row  avia-bg-style-scroll container_wrap fullsize'  ><div class='container av-section-cont-open' ><div class='template-page content  av-content-full alpha units'><div class='post-entry post-entry-type-page post-entry-1861'><div class='entry-content-wrapper clearfix'>\n\n<style type=\"text\/css\" data-created_by=\"avia_inline_auto\" id=\"style-css-av-av_one_fourth-f1f88be822a74ccd78731c222cb053c2\">\n.flex_column.av-av_one_fourth-f1f88be822a74ccd78731c222cb053c2{\nborder-radius:0px 0px 0px 0px;\npadding:0px 0px 0px 0px;\n}\n<\/style>\n<div  class='flex_column av-av_one_fourth-f1f88be822a74ccd78731c222cb053c2 av_one_fourth  avia-builder-el-12  el_before_av_one_fourth  avia-builder-el-first  first flex_column_div av-zero-column-padding  '     ><article  class='iconbox iconbox_top av-mea315vf-e2d16b1236b5ea57468c26377568eab9 av-no-box  avia-builder-el-13  avia-builder-el-no-sibling '  itemscope=\"itemscope\" itemtype=\"https:\/\/schema.org\/CreativeWork\" ><div class=\"iconbox_content\"><header class=\"entry-content-header\"><div class=\"iconbox_icon heading-color\" aria-hidden='true' data-av_icon='\ue802' data-av_iconfont='fontello'><\/div><h3 class='iconbox_content_title '  itemprop=\"headline\" >AEREO<\/h3><\/header><div class='iconbox_content_container '  itemprop=\"text\" ><p>C\u00f3modos asientos, con aire acondicionado y servicio a bordo.<\/p>\n<\/div><\/div><footer class=\"entry-footer\"><\/footer><\/article><\/div>\n<style type=\"text\/css\" data-created_by=\"avia_inline_auto\" id=\"style-css-av-av_one_fourth-699248f23a309dda907cee54960fbaa0\">\n.flex_column.av-av_one_fourth-699248f23a309dda907cee54960fbaa0{\nborder-radius:0px 0px 0px 0px;\npadding:0px 0px 0px 0px;\n}\n<\/style>\n<div  class='flex_column av-av_one_fourth-699248f23a309dda907cee54960fbaa0 av_one_fourth  avia-builder-el-14  el_after_av_one_fourth  el_before_av_one_fourth  flex_column_div av-zero-column-padding  '     ><article  class='iconbox iconbox_top av-mea30s54-2a56ffd29e1e7a84a2eabe0ab43eb272 av-no-box av-icon-style-no-border  avia-builder-el-15  avia-builder-el-no-sibling '  itemscope=\"itemscope\" itemtype=\"https:\/\/schema.org\/CreativeWork\" ><div class=\"iconbox_content\"><header class=\"entry-content-header\"><div class=\"iconbox_icon heading-color\" aria-hidden='true' data-av_icon='\ue8cf' data-av_iconfont='entypo-fontello'><\/div><h3 class='iconbox_content_title '  itemprop=\"headline\" >12 cuotas!<\/h3><\/header><div class='iconbox_content_container '  itemprop=\"text\" ><p>Podes pagar tu viaje hasta en 12 c\u00f3modas cuotas! Reserva Hoy tu lugar!<\/p>\n<\/div><\/div><footer class=\"entry-footer\"><\/footer><\/article><\/div>\n<style type=\"text\/css\" data-created_by=\"avia_inline_auto\" id=\"style-css-av-av_one_fourth-699248f23a309dda907cee54960fbaa0\">\n.flex_column.av-av_one_fourth-699248f23a309dda907cee54960fbaa0{\nborder-radius:0px 0px 0px 0px;\npadding:0px 0px 0px 0px;\n}\n<\/style>\n<div  class='flex_column av-av_one_fourth-699248f23a309dda907cee54960fbaa0 av_one_fourth  avia-builder-el-16  el_after_av_one_fourth  el_before_av_one_fourth  flex_column_div av-zero-column-padding  '     ><article  class='iconbox iconbox_top av-av_icon_box-99c9a5857024b3c43db3eeb0db24860c av-no-box  avia-builder-el-17  avia-builder-el-no-sibling '  itemscope=\"itemscope\" itemtype=\"https:\/\/schema.org\/CreativeWork\" ><div class=\"iconbox_content\"><header class=\"entry-content-header\"><div class=\"iconbox_icon heading-color\" aria-hidden='true' data-av_icon='\ue80a' data-av_iconfont='entypo-fontello'><\/div><h3 class='iconbox_content_title '  itemprop=\"headline\" >Coordinador<\/h3><\/header><div class='iconbox_content_container '  itemprop=\"text\" ><p><strong>Coordinador <\/strong>para facilitar la informaci\u00f3n que necesites para todo su viaje.<\/p>\n<\/div><\/div><footer class=\"entry-footer\"><\/footer><\/article><\/div>\n<style type=\"text\/css\" data-created_by=\"avia_inline_auto\" id=\"style-css-av-av_one_fourth-699248f23a309dda907cee54960fbaa0\">\n.flex_column.av-av_one_fourth-699248f23a309dda907cee54960fbaa0{\nborder-radius:0px 0px 0px 0px;\npadding:0px 0px 0px 0px;\n}\n<\/style>\n<div  class='flex_column av-av_one_fourth-699248f23a309dda907cee54960fbaa0 av_one_fourth  avia-builder-el-18  el_after_av_one_fourth  avia-builder-el-last  flex_column_div av-zero-column-padding  '     ><article  class='iconbox iconbox_top av-av_icon_box-188819dc5592df568df3817517b3cde4 av-no-box  avia-builder-el-19  avia-builder-el-no-sibling '  itemscope=\"itemscope\" itemtype=\"https:\/\/schema.org\/CreativeWork\" ><div class=\"iconbox_content\"><header class=\"entry-content-header\"><div class=\"iconbox_icon heading-color\" aria-hidden='true' data-av_icon='\ue805' data-av_iconfont='entypo-fontello'><\/div><h3 class='iconbox_content_title '  itemprop=\"headline\" >Consultas<\/h3><\/header><div class='iconbox_content_container '  itemprop=\"text\" ><p><a href=\"https:\/\/www.mutualucyd.com\/turismo\/contacto\/\" target=\"_blank\" rel=\"noopener\">San Guillermo<\/a> &#8211; <a href=\"https:\/\/www.mutualucyd.com\/turismo\/contacto\/\" target=\"_blank\" rel=\"noopener\">Ceres<\/a> &#8211; <a href=\"https:\/\/www.mutualucyd.com\/turismo\/contacto\/\" target=\"_blank\" rel=\"noopener\">San Crist\u00f3bal<\/a> &#8211; <a href=\"https:\/\/www.mutualucyd.com\/turismo\/contacto\/\" target=\"_blank\" rel=\"noopener\">Selva<\/a> &#8211; <a href=\"https:\/\/www.mutualucyd.com\/turismo\/contacto\/\">Bandera<\/a><\/p>\n<\/div><\/div><footer class=\"entry-footer\"><\/footer><\/article><\/div><\/div><\/div><\/div><!-- close content main div --><\/div><\/div><div id='actividades'  class='av-layout-grid-container av-av_layout_row-1bf2717511f911e51801f41cb85fae01 entry-content-wrapper main_color av-flex-cells  avia-builder-el-20  el_after_av_section  el_before_av_layout_row  grid-row-not-first  container_wrap fullsize'  >\n\n<style type=\"text\/css\" data-created_by=\"avia_inline_auto\" id=\"style-css-av-mea36qd5-b66766f614e3156570fc90aea0646e1f\">\n.flex_cell.av-mea36qd5-b66766f614e3156570fc90aea0646e1f{\nvertical-align:middle;\nheight:400px;\nmin-height:400px;\nbackground:url(https:\/\/www.mutualucyd.com\/turismo\/wp-content\/uploads\/2025\/08\/bogota-500x289.jpg) 50% 50% no-repeat scroll ;\n}\n.responsive #top #wrap_all .flex_cell.av-mea36qd5-b66766f614e3156570fc90aea0646e1f{\npadding:50px 50px 50px 50px !important;\n}\n<\/style>\n<div class='flex_cell av-mea36qd5-b66766f614e3156570fc90aea0646e1f av-gridrow-cell av_one_half no_margin  avia-builder-el-21  el_before_av_cell_one_half  avia-builder-el-first  avia-full-stretch'  ><div class='flex_cell_inner'><\/div><\/div>\n<style type=\"text\/css\" data-created_by=\"avia_inline_auto\" id=\"style-css-av-av_cell_one_half-d42352d9f9c1b875559b5836670096f2\">\n.flex_cell.av-av_cell_one_half-d42352d9f9c1b875559b5836670096f2{\nvertical-align:middle;\nheight:400px;\nmin-height:400px;\n}\n.responsive #top #wrap_all .flex_cell.av-av_cell_one_half-d42352d9f9c1b875559b5836670096f2{\npadding:50px 50px 50px 50px !important;\n}\n<\/style>\n<div class='flex_cell av-av_cell_one_half-d42352d9f9c1b875559b5836670096f2 av-gridrow-cell av_one_half no_margin  avia-builder-el-22  el_after_av_cell_one_half  avia-builder-el-last '  ><div class='flex_cell_inner'><p>\n<style type=\"text\/css\" data-created_by=\"avia_inline_auto\" id=\"style-css-av-mea35vqh-ffeb0f8c5c8cef491eaef9513afc145e\">\n#top .av-special-heading.av-mea35vqh-ffeb0f8c5c8cef491eaef9513afc145e{\npadding-bottom:20px;\nfont-size:34px;\n}\nbody .av-special-heading.av-mea35vqh-ffeb0f8c5c8cef491eaef9513afc145e .av-special-heading-tag .heading-char{\nfont-size:25px;\n}\n#top #wrap_all .av-special-heading.av-mea35vqh-ffeb0f8c5c8cef491eaef9513afc145e .av-special-heading-tag{\nfont-size:34px;\n}\n.av-special-heading.av-mea35vqh-ffeb0f8c5c8cef491eaef9513afc145e .av-subheading{\nfont-size:15px;\n}\n\n@media only screen and (min-width: 480px) and (max-width: 767px){ \n#top #wrap_all .av-special-heading.av-mea35vqh-ffeb0f8c5c8cef491eaef9513afc145e .av-special-heading-tag{\nfont-size:0.8em;\n}\n}\n\n@media only screen and (max-width: 479px){ \n#top #wrap_all .av-special-heading.av-mea35vqh-ffeb0f8c5c8cef491eaef9513afc145e .av-special-heading-tag{\nfont-size:0.8em;\n}\n}\n<\/style>\n<div  class='av-special-heading av-mea35vqh-ffeb0f8c5c8cef491eaef9513afc145e av-special-heading-h3 blockquote modern-quote  avia-builder-el-23  el_before_av_textblock  avia-builder-el-first  av-inherit-size'><h3 class='av-special-heading-tag'  itemprop=\"headline\"  >BOGOTA<\/h3><div class=\"special-heading-border\"><div class=\"special-heading-inner-border\"><\/div><\/div><\/div><br \/>\n<section  class='av_textblock_section av-mea35ksa-b01ea19c54f5b6be997a5b615b3e0cdb '   itemscope=\"itemscope\" itemtype=\"https:\/\/schema.org\/CreativeWork\" ><div class='avia_textblock'  itemprop=\"text\" ><div>\n<p>Es la extensa capital en altura de Colombia. La Candelaria, su centro con adoquines, cuenta con sitios coloniales como el Teatro Col\u00f3n neocl\u00e1sico y la Iglesia de San Francisco del siglo XVII. Tambi\u00e9n alberga museos populares, incluido el Museo Botero, que exhibe arte de Fernando Botero, y el Museo del Oro, con piezas de oro precolombinas<\/p>\n<\/div>\n<div><\/div>\n<\/div><\/section><\/p>\n<\/div><\/div><\/div><div id='actividades'  class='av-layout-grid-container av-av_layout_row-1bf2717511f911e51801f41cb85fae01 entry-content-wrapper main_color av-flex-cells  avia-builder-el-25  el_after_av_layout_row  el_before_av_layout_row  grid-row-not-first  container_wrap fullsize'  >\n\n<style type=\"text\/css\" data-created_by=\"avia_inline_auto\" id=\"style-css-av-av_cell_one_half-210ea3805ccde7fa93e9b166daa0fafa\">\n.flex_cell.av-av_cell_one_half-210ea3805ccde7fa93e9b166daa0fafa{\nvertical-align:middle;\nheight:400px;\nmin-height:400px;\n}\n.responsive #top #wrap_all .flex_cell.av-av_cell_one_half-210ea3805ccde7fa93e9b166daa0fafa{\npadding:50px 50px 50px 50px !important;\n}\n<\/style>\n<div class='flex_cell av-av_cell_one_half-210ea3805ccde7fa93e9b166daa0fafa av-gridrow-cell av_one_half no_margin  avia-builder-el-26  el_before_av_cell_one_half  avia-builder-el-first  avia-full-stretch'  ><div class='flex_cell_inner'><p>\n<style type=\"text\/css\" data-created_by=\"avia_inline_auto\" id=\"style-css-av-mea3949e-9cb37b072e697dcc576d6670afe414fb\">\n#top .av-special-heading.av-mea3949e-9cb37b072e697dcc576d6670afe414fb{\npadding-bottom:20px;\nfont-size:34px;\n}\nbody .av-special-heading.av-mea3949e-9cb37b072e697dcc576d6670afe414fb .av-special-heading-tag .heading-char{\nfont-size:25px;\n}\n#top #wrap_all .av-special-heading.av-mea3949e-9cb37b072e697dcc576d6670afe414fb .av-special-heading-tag{\nfont-size:34px;\n}\n.av-special-heading.av-mea3949e-9cb37b072e697dcc576d6670afe414fb .av-subheading{\nfont-size:15px;\n}\n\n@media only screen and (min-width: 480px) and (max-width: 767px){ \n#top #wrap_all .av-special-heading.av-mea3949e-9cb37b072e697dcc576d6670afe414fb .av-special-heading-tag{\nfont-size:0.8em;\n}\n}\n\n@media only screen and (max-width: 479px){ \n#top #wrap_all .av-special-heading.av-mea3949e-9cb37b072e697dcc576d6670afe414fb .av-special-heading-tag{\nfont-size:0.8em;\n}\n}\n<\/style>\n<div  class='av-special-heading av-mea3949e-9cb37b072e697dcc576d6670afe414fb av-special-heading-h3 blockquote modern-quote  avia-builder-el-27  el_before_av_textblock  avia-builder-el-first  av-inherit-size'><div class='av-subheading av-subheading_above'><p>Eterna primavera<\/p>\n<\/div><h3 class='av-special-heading-tag'  itemprop=\"headline\"  >Medell\u00edn<\/h3><div class=\"special-heading-border\"><div class=\"special-heading-inner-border\"><\/div><\/div><\/div><br \/>\n<section  class='av_textblock_section av-mea38q64-9423af6fc7b3d9b877110324ae589ed9 '   itemscope=\"itemscope\" itemtype=\"https:\/\/schema.org\/CreativeWork\" ><div class='avia_textblock'  itemprop=\"text\" ><p>Es la capital de la provincia monta\u00f1osa de Antioquia en Colombia. Es apodada la \u00abCiudad de la eterna primavera\u00bb por su clima templado y alberga la famosa Feria de las Flores anual. El moderno Metrocable conecta la ciudad con los barrios circundantes y tiene vistas del Valle de Aburr\u00e1 que se encuentra debajo. Las esculturas de Fernando Botero decoran la Plaza Botero en el centro de la ciudad, mientras que el Museo de Antioquia exhibe m\u00e1s obras del artista colombiano.<\/p>\n<\/div><\/section><\/p>\n<\/div><\/div>\n<style type=\"text\/css\" data-created_by=\"avia_inline_auto\" id=\"style-css-av-mea3b1jj-f2075602d230e5adb2fa17fa2699f09c\">\n.flex_cell.av-mea3b1jj-f2075602d230e5adb2fa17fa2699f09c{\nvertical-align:middle;\nheight:400px;\nmin-height:400px;\nbackground:url(https:\/\/www.mutualucyd.com\/turismo\/wp-content\/uploads\/2025\/08\/medellin-500x289.jpeg) 50% 50% no-repeat scroll ;\n}\n.responsive #top #wrap_all .flex_cell.av-mea3b1jj-f2075602d230e5adb2fa17fa2699f09c{\npadding:50px 50px 50px 50px !important;\n}\n<\/style>\n<div class='flex_cell av-mea3b1jj-f2075602d230e5adb2fa17fa2699f09c av-gridrow-cell av_one_half no_margin  avia-builder-el-29  el_after_av_cell_one_half  avia-builder-el-last '  ><div class='flex_cell_inner'><\/div><\/div><\/div><div id='actividades'  class='av-layout-grid-container av-av_layout_row-1bf2717511f911e51801f41cb85fae01 entry-content-wrapper main_color av-flex-cells  avia-builder-el-30  el_after_av_layout_row  el_before_av_layout_row  grid-row-not-first  container_wrap fullsize'  >\n\n<style type=\"text\/css\" data-created_by=\"avia_inline_auto\" id=\"style-css-av-mea42u5r-7117dc20115e4a4e18d48ec431b2a49d\">\n.flex_cell.av-mea42u5r-7117dc20115e4a4e18d48ec431b2a49d{\nvertical-align:middle;\nheight:400px;\nmin-height:400px;\nbackground:url(https:\/\/www.mutualucyd.com\/turismo\/wp-content\/uploads\/2016\/03\/Cartagena-500x375.jpg) 50% 50% no-repeat scroll ;\n}\n.responsive #top #wrap_all .flex_cell.av-mea42u5r-7117dc20115e4a4e18d48ec431b2a49d{\npadding:50px 50px 50px 50px !important;\n}\n<\/style>\n<div class='flex_cell av-mea42u5r-7117dc20115e4a4e18d48ec431b2a49d av-gridrow-cell av_one_half no_margin  avia-builder-el-31  el_before_av_cell_one_half  avia-builder-el-first  avia-full-stretch'  ><div class='flex_cell_inner'><\/div><\/div>\n<style type=\"text\/css\" data-created_by=\"avia_inline_auto\" id=\"style-css-av-av_cell_one_half-d42352d9f9c1b875559b5836670096f2\">\n.flex_cell.av-av_cell_one_half-d42352d9f9c1b875559b5836670096f2{\nvertical-align:middle;\nheight:400px;\nmin-height:400px;\n}\n.responsive #top #wrap_all .flex_cell.av-av_cell_one_half-d42352d9f9c1b875559b5836670096f2{\npadding:50px 50px 50px 50px !important;\n}\n<\/style>\n<div class='flex_cell av-av_cell_one_half-d42352d9f9c1b875559b5836670096f2 av-gridrow-cell av_one_half no_margin  avia-builder-el-32  el_after_av_cell_one_half  avia-builder-el-last '  ><div class='flex_cell_inner'><p>\n<style type=\"text\/css\" data-created_by=\"avia_inline_auto\" id=\"style-css-av-mea42e5d-521884e5cef67fc9308f5242d944bd0c\">\n#top .av-special-heading.av-mea42e5d-521884e5cef67fc9308f5242d944bd0c{\npadding-bottom:20px;\nfont-size:34px;\n}\nbody .av-special-heading.av-mea42e5d-521884e5cef67fc9308f5242d944bd0c .av-special-heading-tag .heading-char{\nfont-size:25px;\n}\n#top #wrap_all .av-special-heading.av-mea42e5d-521884e5cef67fc9308f5242d944bd0c .av-special-heading-tag{\nfont-size:34px;\n}\n.av-special-heading.av-mea42e5d-521884e5cef67fc9308f5242d944bd0c .av-subheading{\nfont-size:15px;\n}\n\n@media only screen and (min-width: 480px) and (max-width: 767px){ \n#top #wrap_all .av-special-heading.av-mea42e5d-521884e5cef67fc9308f5242d944bd0c .av-special-heading-tag{\nfont-size:0.8em;\n}\n}\n\n@media only screen and (max-width: 479px){ \n#top #wrap_all .av-special-heading.av-mea42e5d-521884e5cef67fc9308f5242d944bd0c .av-special-heading-tag{\nfont-size:0.8em;\n}\n}\n<\/style>\n<div  class='av-special-heading av-mea42e5d-521884e5cef67fc9308f5242d944bd0c av-special-heading-h3 blockquote modern-quote  avia-builder-el-33  el_before_av_textblock  avia-builder-el-first  av-inherit-size'><h3 class='av-special-heading-tag'  itemprop=\"headline\"  >Cartagena<\/h3><div class=\"special-heading-border\"><div class=\"special-heading-inner-border\"><\/div><\/div><\/div><br \/>\n<section  class='av_textblock_section av-mea43yg7-fc4a2d76818a4acfa009b41f5e45a503 '   itemscope=\"itemscope\" itemtype=\"https:\/\/schema.org\/CreativeWork\" ><div class='avia_textblock'  itemprop=\"text\" ><p>Es una ciudad portuaria en la costa caribe\u00f1a de Colombia. Junto al mar, se encuentra la Ciudad Vieja amurallada, que se fund\u00f3 en el siglo XVI, con plazas, calles de adoquines y edificios coloniales coloridos. Con un clima tropical, la ciudad tambi\u00e9n es un destino popular por sus playas. Se puede llegar en bote a la Isla de Bar\u00fa, con playas de arena blanca y palmeras, y a las Islas del Rosario, famosas por sus arrecifes de coral.<span class=\"eHaQD\">\u00a0<\/span><\/p>\n<\/div><\/section><\/p>\n<\/div><\/div><\/div><div id='ubicacion'  class='av-layout-grid-container av-av_layout_row-b1fb8ad0435b68646c0ffcd82c829a04 entry-content-wrapper main_color av-flex-cells  avia-builder-el-35  el_after_av_layout_row  avia-builder-el-last  grid-row-not-first  container_wrap fullsize'  >\n\n<style type=\"text\/css\" data-created_by=\"avia_inline_auto\" id=\"style-css-av-av_cell_one_full-360d7cbc17e5ea5ca4b0d4675f66d4a5\">\n.flex_cell.av-av_cell_one_full-360d7cbc17e5ea5ca4b0d4675f66d4a5{\nvertical-align:top;\n}\n.responsive #top #wrap_all .flex_cell.av-av_cell_one_full-360d7cbc17e5ea5ca4b0d4675f66d4a5{\npadding:0px 0px 0px 0px !important;\n}\n<\/style>\n<div class='flex_cell av-av_cell_one_full-360d7cbc17e5ea5ca4b0d4675f66d4a5 av-gridrow-cell av_one_full no_margin  avia-builder-el-36  avia-builder-el-no-sibling  av-zero-padding'  ><div class='flex_cell_inner'><div  class='av_gmaps_sc_main_wrap av_gmaps_main_wrap '><div id='av_gmap_0' class='avia-google-map-container avia-google-map-sc av_gmaps_show_unconditionally av-no-fallback-img ' data-mapid='av_gmap_0'  style='height: 500px;'><a class=\"av_gmaps_browser_disabled av_text_confirm_link av_text_confirm_link_visible\" href=\"https:\/\/www.google.com\/maps\/search\/?api=1&#038;query=San%20Guillermo,%20Santa%20Fe%20%20%20%20colombia\" target=\"_blank\" rel=\"noopener\">Maps were disabled by the visitor on this site. Click to open the map in a new window.<\/a><\/div><\/div>\n<\/div><\/div><\/div><\/p>\n","protected":false},"excerpt":{"rendered":"","protected":false},"featured_media":1862,"template":"","meta":[],"product_brand":[],"product_cat":[71,39,52],"product_tag":[],"class_list":{"0":"post-1861","1":"product","2":"type-product","3":"status-publish","4":"has-post-thumbnail","6":"product_cat-colombia","7":"product_cat-ofertas","8":"product_cat-playa","10":"first","11":"instock","12":"shipping-taxable","13":"product-type-simple"},"publishpress_future_workflow_manual_trigger":{"enabledWorkflows":[]},"_links":{"self":[{"href":"https:\/\/www.mutualucyd.com\/turismo\/wp-json\/wp\/v2\/product\/1861","targetHints":{"allow":["GET"]}}],"collection":[{"href":"https:\/\/www.mutualucyd.com\/turismo\/wp-json\/wp\/v2\/product"}],"about":[{"href":"https:\/\/www.mutualucyd.com\/turismo\/wp-json\/wp\/v2\/types\/product"}],"wp:featuredmedia":[{"embeddable":true,"href":"https:\/\/www.mutualucyd.com\/turismo\/wp-json\/wp\/v2\/media\/1862"}],"wp:attachment":[{"href":"https:\/\/www.mutualucyd.com\/turismo\/wp-json\/wp\/v2\/media?parent=1861"}],"wp:term":[{"taxonomy":"product_brand","embeddable":true,"href":"https:\/\/www.mutualucyd.com\/turismo\/wp-json\/wp\/v2\/product_brand?post=1861"},{"taxonomy":"product_cat","embeddable":true,"href":"https:\/\/www.mutualucyd.com\/turismo\/wp-json\/wp\/v2\/product_cat?post=1861"},{"taxonomy":"product_tag","embeddable":true,"href":"https:\/\/www.mutualucyd.com\/turismo\/wp-json\/wp\/v2\/product_tag?post=1861"}],"curies":[{"name":"wp","href":"https:\/\/api.w.org\/{rel}","templated":true}]}}