{"id":1489,"date":"2024-05-29T12:18:56","date_gmt":"2024-05-29T12:18:56","guid":{"rendered":"https:\/\/www.mutualucyd.com\/turismo\/?post_type=product&#038;p=1489"},"modified":"2024-05-29T12:21:36","modified_gmt":"2024-05-29T12:21:36","slug":"pre-venta-brasil-2025","status":"publish","type":"product","link":"https:\/\/www.mutualucyd.com\/turismo\/destino\/pre-venta-brasil-2025\/","title":{"rendered":"Pre-Venta Brasil 2025"},"content":{"rendered":"<div id='full_slider_1'  class='avia-fullwidth-slider main_color avia-shadow   avia-builder-el-0  el_before_av_submenu  avia-builder-el-first   container_wrap fullsize'  >\n<style type=\"text\/css\" data-created_by=\"avia_inline_auto\" id=\"style-css-av-185x0t-11fd5bbee5fe3725c599afd5c35069e4\">\n#top #wrap_all .avia-slideshow .av-slideshow-caption.av-185x0t-11fd5bbee5fe3725c599afd5c35069e4__0 .avia-caption-title{\nfont-size:70px;\n}\n#top .avia-slideshow .av-slideshow-caption.av-185x0t-11fd5bbee5fe3725c599afd5c35069e4__0 .avia-caption-content{\nfont-size:50px;\n}\n#top .avia-slideshow .av-slideshow-caption.av-185x0t-11fd5bbee5fe3725c599afd5c35069e4__0 .avia-caption-content p{\nfont-size:50px;\n}\n<\/style>\n<div  class='avia-slideshow av-185x0t-11fd5bbee5fe3725c599afd5c35069e4 avia-slideshow-featured av_slideshow_full avia-fade-slider av-slideshow-ui av-control-minimal av-slideshow-autoplay av-loop-endless av-loop-manual-endless av-default-height-applied   avia-slideshow-1' data-slideshow-options=\"{&quot;animation&quot;:&quot;fade&quot;,&quot;autoplay&quot;:true,&quot;loop_autoplay&quot;:&quot;endless&quot;,&quot;interval&quot;:5,&quot;loop_manual&quot;:&quot;manual-endless&quot;,&quot;autoplay_stopper&quot;:false,&quot;noNavigation&quot;:false,&quot;bg_slider&quot;:false,&quot;keep_padding&quot;:false,&quot;hoverpause&quot;:false,&quot;show_slide_delay&quot;:0}\"  itemprop=\"image\" itemscope=\"itemscope\" itemtype=\"https:\/\/schema.org\/ImageObject\" ><ul class='avia-slideshow-inner ' style='padding-bottom: 35.833333333333%;'><li  class='avia-slideshow-slide av-185x0t-11fd5bbee5fe3725c599afd5c35069e4__0  av-single-slide slide-1 slide-odd'><div data-rel='slideshow-1' class='avia-slide-wrap '   ><div class='av-slideshow-caption av-185x0t-11fd5bbee5fe3725c599afd5c35069e4__0 caption_fullwidth caption_center caption_center_framed caption_framed'><div class=\"container caption_container\"><div class=\"slideshow_caption\"><div class=\"slideshow_inner_caption\"><div class=\"slideshow_align_caption\"><h2 class='avia-caption-title '  itemprop=\"name\" >Pre-Venta<\/h2><div class='avia-caption-content '  itemprop=\"description\" ><p>Brasil 2025<\/p>\n<\/div><\/div><\/div><\/div><\/div><\/div><img decoding=\"async\" fetchpriority=\"high\" class=\"wp-image-768 avia-img-lazy-loading-not-768\"  src=\"https:\/\/www.mutualucyd.com\/turismo\/wp-content\/uploads\/2018\/09\/brasil-1200x430.jpg\" width=\"1200\" height=\"430\" title='brasil' alt=''  itemprop=\"thumbnailUrl\"   \/><div class='av-section-color-overlay' style='opacity: 0.3; background-color: #000000; '><\/div><\/div><\/li><\/ul><\/div><\/div>\n<div class='clear'><\/div><div id='sub_menu1'  class='av-submenu-container av-bo7ymd-7ca451076dd88f016e55a5b6d1c6d8bd main_color  avia-builder-el-1  el_after_av_slideshow_full  el_before_av_layout_row  av-sticky-submenu submenu-not-first container_wrap fullsize' style='z-index:301' ><div class='container av-menu-mobile-disabled av-submenu-pos-center'><ul id='av-custom-submenu-1' class='av-subnav-menu' role='menu'>\n<li class='menu-item av-yt6c5-1dd4f2bf8c9043d8cd37e7321e9c9aa9 menu-item-top-level menu-item-top-level-1' role='menuitem'><a href='#info-basica'  ><span class='avia-bullet'><\/span><span class='avia-menu-text'>Informaci\u00f3n b\u00e1sica<\/span><\/a><\/li>\n<li class='menu-item av-pjh7x-6a5a223732603703790bcf1aaf7bd05f menu-item-top-level menu-item-top-level-2' role='menuitem'><a href='#destacados'  ><span class='avia-bullet'><\/span><span class='avia-menu-text'>Destacados del viaje<\/span><\/a><\/li>\n<li class='menu-item av-9gcgd-6027d34ff1a6b3d741be8b782a6673d1 menu-item-top-level menu-item-top-level-3' role='menuitem'><a href='#actividades'  ><span class='avia-bullet'><\/span><span class='avia-menu-text'>Actividades<\/span><\/a><\/li>\n<li class='menu-item av-ezgnx-f758f5ce37cfe80ab6e9b6e91cedf8f9 menu-item-top-level menu-item-top-level-4' role='menuitem'><a href='#ubicacion'  ><span class='avia-bullet'><\/span><span class='avia-menu-text'>Ubicaci\u00f3n<\/span><\/a><\/li>\n<li class='menu-item av-6v3z1-9dc33a495538f9a5b484879164a186ca menu-item-top-level menu-item-top-level-5' role='menuitem'><a href='#top'  ><span class='avia-bullet'><\/span><span class='avia-menu-text'>Volver<\/span><\/a><\/li>\n<\/ul><\/div><\/div><div class='sticky_placeholder'><\/div>\n<div id='info-basica'  class='av-layout-grid-container av-anqsp9-1e32f7075dc11d10bdb837d94d3560b9 entry-content-wrapper main_color av-flex-cells  avia-builder-el-2  el_after_av_submenu  el_before_av_section  grid-row-not-first  container_wrap fullsize'  >\n\n<style type=\"text\/css\" data-created_by=\"avia_inline_auto\" id=\"style-css-av-ahfn8d-5bdb6ab578c9f3b4de8547a439a1c96f\">\n.flex_cell.av-ahfn8d-5bdb6ab578c9f3b4de8547a439a1c96f{\nvertical-align:middle;\n}\n.responsive #top #wrap_all .flex_cell.av-ahfn8d-5bdb6ab578c9f3b4de8547a439a1c96f{\npadding:50px 50px 50px 50px !important;\n}\n<\/style>\n<div class='flex_cell av-ahfn8d-5bdb6ab578c9f3b4de8547a439a1c96f av-gridrow-cell av_one_half no_margin  avia-builder-el-3  el_before_av_cell_one_half  avia-builder-el-first '  ><div class='flex_cell_inner'><p>\n<style type=\"text\/css\" data-created_by=\"avia_inline_auto\" id=\"style-css-av-8s8tj9-8c6c80300ee09ccec6fde77ea030a9c7\">\n#top .av_textblock_section.av-8s8tj9-8c6c80300ee09ccec6fde77ea030a9c7 .avia_textblock{\nfont-size:20px;\n}\n<\/style>\n<section  class='av_textblock_section av-8s8tj9-8c6c80300ee09ccec6fde77ea030a9c7 '   itemscope=\"itemscope\" itemtype=\"https:\/\/schema.org\/CreativeWork\" ><div class='avia_textblock'  itemprop=\"text\" ><p><a href=\"https:\/\/www.facebook.com\/hashtag\/viajaconlamutual\">#ViajaconlaMutual<\/a>. Visit\u00e1 BRASIL! \u00a0<a href=\"https:\/\/www.facebook.com\/hashtag\/turismomutual\">#TurismoMutual<\/a>\u00a0\u00a0Plan\u00e9a tus\u00a0<a href=\"https:\/\/www.facebook.com\/hashtag\/pr%C3%B3ximasvacaciones\">#Pr\u00f3ximasvacaciones<\/a>. Pase\u00e1 con la Mutual UCyD.<\/p>\n<\/div><\/section><br \/>\n\n<style type=\"text\/css\" data-created_by=\"avia_inline_auto\" id=\"style-css-av-aeyb6l-9c9af6900b26759b0b5120afff20bbc2\">\n.flex_column.av-aeyb6l-9c9af6900b26759b0b5120afff20bbc2{\nborder-radius:0px 0px 0px 0px;\npadding:0px 0px 0px 0px;\n}\n<\/style>\n<div  class='flex_column av-aeyb6l-9c9af6900b26759b0b5120afff20bbc2 av_one_half  avia-builder-el-5  el_after_av_textblock  avia-builder-el-last  first flex_column_div av-zero-column-padding  column-top-margin'     ><style type=\"text\/css\" data-created_by=\"avia_inline_auto\" id=\"style-css-av-a591vp-44c41fc8873af27e907230166e277f57\">\n#top .avia-icon-list-container.av-a591vp-44c41fc8873af27e907230166e277f57 .iconlist_icon{\ncolor:#ffffff;\nbackground-color:#edae44;\nborder:1px solid #edae44;\n}\n<\/style>\n<div  class='avia-icon-list-container av-a591vp-44c41fc8873af27e907230166e277f57  avia-builder-el-6  avia-builder-el-no-sibling '><ul class='avia-icon-list avia_animate_when_almost_visible avia-icon-list-left av-iconlist-big av-a591vp-44c41fc8873af27e907230166e277f57 avia-iconlist-animate'>\n<li><div class='iconlist_icon av-pj6oj-d1de495149e6c0c0076b0e91354b2c23 avia-font-entypo-fontello'><span class='iconlist-char' aria-hidden='true' data-av_icon='\ue85b' data-av_iconfont='entypo-fontello'><\/span><\/div><article class=\"article-icon-entry av-iconlist-empty\"  itemscope=\"itemscope\" itemtype=\"https:\/\/schema.org\/CreativeWork\" ><div class=\"iconlist_content_wrap\"><header class=\"entry-content-header\"><h4 class='av_iconlist_title iconlist_title  '  itemprop=\"headline\" >Salida enero, febrero y marzo de 2025<\/h4><\/header><div class='iconlist_content '  itemprop=\"text\" ><\/div><\/div><footer class=\"entry-footer\"><\/footer><\/article><div class=\"iconlist-timeline\"><\/div><\/li>\n<li><div class='iconlist_icon av-1581k5-ba83e283b63b4518e0b18f65d81adc5a avia-font-fontello'><span class='iconlist-char' aria-hidden='true' data-av_icon='\ue80b' data-av_iconfont='fontello'><\/span><\/div><article class=\"article-icon-entry av-iconlist-empty\"  itemscope=\"itemscope\" itemtype=\"https:\/\/schema.org\/CreativeWork\" ><div class=\"iconlist_content_wrap\"><header class=\"entry-content-header\"><h4 class='av_iconlist_title iconlist_title  '  itemprop=\"headline\" >BUS con Coordinador permanente<\/h4><\/header><div class='iconlist_content '  itemprop=\"text\" ><\/div><\/div><footer class=\"entry-footer\"><\/footer><\/article><div class=\"iconlist-timeline\"><\/div><\/li>\n<li><div class='iconlist_icon av-3cupp-7ecfceb0d0ac1da61d74d778c2078b6a avia-font-fontello'><span class='iconlist-char' aria-hidden='true' data-av_icon='\ue821' data-av_iconfont='fontello'><\/span><\/div><article class=\"article-icon-entry av-iconlist-empty\"  itemscope=\"itemscope\" itemtype=\"https:\/\/schema.org\/CreativeWork\" ><div class=\"iconlist_content_wrap\"><header class=\"entry-content-header\"><h4 class='av_iconlist_title iconlist_title  '  itemprop=\"headline\" >Seguro de asistencia al viajero.<\/h4><\/header><div class='iconlist_content '  itemprop=\"text\" ><\/div><\/div><footer class=\"entry-footer\"><\/footer><\/article><div class=\"iconlist-timeline\"><\/div><\/li>\n<li><div class='iconlist_icon av-1mbxx-86d2c78e64bf285bf1534cbd83280623 avia-font-entypo-fontello'><span class='iconlist-char' aria-hidden='true' data-av_icon='\ue8cf' data-av_iconfont='entypo-fontello'><\/span><\/div><article class=\"article-icon-entry av-iconlist-empty\"  itemscope=\"itemscope\" itemtype=\"https:\/\/schema.org\/CreativeWork\" ><div class=\"iconlist_content_wrap\"><header class=\"entry-content-header\"><h4 class='av_iconlist_title iconlist_title  '  itemprop=\"headline\" >Financi\u00e1 todo en 12 cuotas<\/h4><\/header><div class='iconlist_content '  itemprop=\"text\" ><\/div><\/div><footer class=\"entry-footer\"><\/footer><\/article><div class=\"iconlist-timeline\"><\/div><\/li>\n<\/ul><\/div><\/div><\/p>\n<\/div><\/div>\n<style type=\"text\/css\" data-created_by=\"avia_inline_auto\" id=\"style-css-av-8zq4r1-dcb1ec93a88b5cdae7c713b4d249b8e0\">\n.flex_cell.av-8zq4r1-dcb1ec93a88b5cdae7c713b4d249b8e0{\nvertical-align:top;\nbackground-color:#ffffff;\n}\n.responsive #top #wrap_all .flex_cell.av-8zq4r1-dcb1ec93a88b5cdae7c713b4d249b8e0{\npadding:20px 20px 20px 20px !important;\n}\n<\/style>\n<div class='flex_cell av-8zq4r1-dcb1ec93a88b5cdae7c713b4d249b8e0 av-gridrow-cell av_one_half no_margin av-hide-on-mobile  avia-builder-el-7  el_after_av_cell_one_half  avia-builder-el-last  avia-full-stretch'  ><div class='flex_cell_inner'>\n<style type=\"text\/css\" data-created_by=\"avia_inline_auto\" id=\"style-css-av-jiamfj5p-358f987aceba521b10cfea0b53fbc55b\">\n.avia-image-container.av-jiamfj5p-358f987aceba521b10cfea0b53fbc55b img.avia_image{\nbox-shadow:none;\n}\n.avia-image-container.av-jiamfj5p-358f987aceba521b10cfea0b53fbc55b .av-image-caption-overlay-center{\ncolor:#ffffff;\n}\n<\/style>\n<div  class='avia-image-container av-jiamfj5p-358f987aceba521b10cfea0b53fbc55b av-styling- avia-align-center  avia-builder-el-8  avia-builder-el-no-sibling '   itemprop=\"image\" itemscope=\"itemscope\" itemtype=\"https:\/\/schema.org\/ImageObject\" ><div class=\"avia-image-container-inner\"><div class=\"avia-image-overlay-wrap\"><a href=\"https:\/\/www.mutualucyd.com\/turismo\/wp-content\/uploads\/2024\/05\/Reel-de-Instagram-Paquete-Turistico-a-Brasil-Moderno-Amarillo-Post-de-Instagram-1030x1030.png\" data-srcset=\"https:\/\/www.mutualucyd.com\/turismo\/wp-content\/uploads\/2024\/05\/Reel-de-Instagram-Paquete-Turistico-a-Brasil-Moderno-Amarillo-Post-de-Instagram-1030x1030.png 1030w, https:\/\/www.mutualucyd.com\/turismo\/wp-content\/uploads\/2024\/05\/Reel-de-Instagram-Paquete-Turistico-a-Brasil-Moderno-Amarillo-Post-de-Instagram-500x500.png 500w, https:\/\/www.mutualucyd.com\/turismo\/wp-content\/uploads\/2024\/05\/Reel-de-Instagram-Paquete-Turistico-a-Brasil-Moderno-Amarillo-Post-de-Instagram-80x80.png 80w, https:\/\/www.mutualucyd.com\/turismo\/wp-content\/uploads\/2024\/05\/Reel-de-Instagram-Paquete-Turistico-a-Brasil-Moderno-Amarillo-Post-de-Instagram-768x768.png 768w, https:\/\/www.mutualucyd.com\/turismo\/wp-content\/uploads\/2024\/05\/Reel-de-Instagram-Paquete-Turistico-a-Brasil-Moderno-Amarillo-Post-de-Instagram-36x36.png 36w, https:\/\/www.mutualucyd.com\/turismo\/wp-content\/uploads\/2024\/05\/Reel-de-Instagram-Paquete-Turistico-a-Brasil-Moderno-Amarillo-Post-de-Instagram-180x180.png 180w, https:\/\/www.mutualucyd.com\/turismo\/wp-content\/uploads\/2024\/05\/Reel-de-Instagram-Paquete-Turistico-a-Brasil-Moderno-Amarillo-Post-de-Instagram-705x705.png 705w, https:\/\/www.mutualucyd.com\/turismo\/wp-content\/uploads\/2024\/05\/Reel-de-Instagram-Paquete-Turistico-a-Brasil-Moderno-Amarillo-Post-de-Instagram-120x120.png 120w, https:\/\/www.mutualucyd.com\/turismo\/wp-content\/uploads\/2024\/05\/Reel-de-Instagram-Paquete-Turistico-a-Brasil-Moderno-Amarillo-Post-de-Instagram-450x450.png 450w, https:\/\/www.mutualucyd.com\/turismo\/wp-content\/uploads\/2024\/05\/Reel-de-Instagram-Paquete-Turistico-a-Brasil-Moderno-Amarillo-Post-de-Instagram-600x600.png 600w, https:\/\/www.mutualucyd.com\/turismo\/wp-content\/uploads\/2024\/05\/Reel-de-Instagram-Paquete-Turistico-a-Brasil-Moderno-Amarillo-Post-de-Instagram-100x100.png 100w, https:\/\/www.mutualucyd.com\/turismo\/wp-content\/uploads\/2024\/05\/Reel-de-Instagram-Paquete-Turistico-a-Brasil-Moderno-Amarillo-Post-de-Instagram.png 1080w\" data-sizes=\"(max-width: 1030px) 100vw, 1030px\" class='avia_image'  aria-label='Reel de Instagram Paquete Tur\u00edstico a Brasil Moderno Amarillo (Post de Instagram)'><img decoding=\"async\" fetchpriority=\"high\" class='wp-image-1480 avia-img-lazy-loading-not-1480 avia_image ' src=\"https:\/\/www.mutualucyd.com\/turismo\/wp-content\/uploads\/2024\/05\/Reel-de-Instagram-Paquete-Turistico-a-Brasil-Moderno-Amarillo-Post-de-Instagram-500x500.png\" alt='' title='Reel de Instagram Paquete Tur\u00edstico a Brasil Moderno Amarillo (Post de Instagram)'  height=\"500\" width=\"500\"  itemprop=\"thumbnailUrl\" srcset=\"https:\/\/www.mutualucyd.com\/turismo\/wp-content\/uploads\/2024\/05\/Reel-de-Instagram-Paquete-Turistico-a-Brasil-Moderno-Amarillo-Post-de-Instagram-500x500.png 500w, https:\/\/www.mutualucyd.com\/turismo\/wp-content\/uploads\/2024\/05\/Reel-de-Instagram-Paquete-Turistico-a-Brasil-Moderno-Amarillo-Post-de-Instagram-1030x1030.png 1030w, https:\/\/www.mutualucyd.com\/turismo\/wp-content\/uploads\/2024\/05\/Reel-de-Instagram-Paquete-Turistico-a-Brasil-Moderno-Amarillo-Post-de-Instagram-80x80.png 80w, https:\/\/www.mutualucyd.com\/turismo\/wp-content\/uploads\/2024\/05\/Reel-de-Instagram-Paquete-Turistico-a-Brasil-Moderno-Amarillo-Post-de-Instagram-768x768.png 768w, https:\/\/www.mutualucyd.com\/turismo\/wp-content\/uploads\/2024\/05\/Reel-de-Instagram-Paquete-Turistico-a-Brasil-Moderno-Amarillo-Post-de-Instagram-36x36.png 36w, https:\/\/www.mutualucyd.com\/turismo\/wp-content\/uploads\/2024\/05\/Reel-de-Instagram-Paquete-Turistico-a-Brasil-Moderno-Amarillo-Post-de-Instagram-180x180.png 180w, https:\/\/www.mutualucyd.com\/turismo\/wp-content\/uploads\/2024\/05\/Reel-de-Instagram-Paquete-Turistico-a-Brasil-Moderno-Amarillo-Post-de-Instagram-705x705.png 705w, https:\/\/www.mutualucyd.com\/turismo\/wp-content\/uploads\/2024\/05\/Reel-de-Instagram-Paquete-Turistico-a-Brasil-Moderno-Amarillo-Post-de-Instagram-120x120.png 120w, https:\/\/www.mutualucyd.com\/turismo\/wp-content\/uploads\/2024\/05\/Reel-de-Instagram-Paquete-Turistico-a-Brasil-Moderno-Amarillo-Post-de-Instagram-450x450.png 450w, https:\/\/www.mutualucyd.com\/turismo\/wp-content\/uploads\/2024\/05\/Reel-de-Instagram-Paquete-Turistico-a-Brasil-Moderno-Amarillo-Post-de-Instagram-600x600.png 600w, https:\/\/www.mutualucyd.com\/turismo\/wp-content\/uploads\/2024\/05\/Reel-de-Instagram-Paquete-Turistico-a-Brasil-Moderno-Amarillo-Post-de-Instagram-100x100.png 100w, https:\/\/www.mutualucyd.com\/turismo\/wp-content\/uploads\/2024\/05\/Reel-de-Instagram-Paquete-Turistico-a-Brasil-Moderno-Amarillo-Post-de-Instagram.png 1080w\" sizes=\"(max-width: 500px) 100vw, 500px\" \/><\/a><\/div><\/div><\/div>\n<\/div><\/div><\/div><div id='av_section_1'  class='avia-section av-jiambybb-c92e042eb1fdd72f3c325cd470f5c6a6 main_color avia-section-default avia-no-border-styling  avia-builder-el-9  el_after_av_layout_row  el_before_av_section  av-desktop-hide av-medium-hide avia-bg-style-scroll container_wrap fullsize'  ><div class='container av-section-cont-open' ><div class='template-page content  av-content-full alpha units'><div class='post-entry post-entry-type-page post-entry-1489'><div class='entry-content-wrapper clearfix'>\n\n<\/p>\n<\/div><\/div><\/div><!-- close content main div --><\/div><\/div><div id='destacados'  class='avia-section av-8il63p-eea7cf2179f762a27576be9cd211a949 alternate_color avia-section-large avia-no-shadow  avia-builder-el-11  el_after_av_section  el_before_av_layout_row  avia-bg-style-scroll container_wrap fullsize'  ><div class='container av-section-cont-open' ><div class='template-page content  av-content-full alpha units'><div class='post-entry post-entry-type-page post-entry-1489'><div class='entry-content-wrapper clearfix'>\n\n<style type=\"text\/css\" data-created_by=\"avia_inline_auto\" id=\"style-css-av-8euvzx-8ff92f618f304b3f9cd16400afffbb0b\">\n.flex_column.av-8euvzx-8ff92f618f304b3f9cd16400afffbb0b{\nborder-radius:0px 0px 0px 0px;\npadding:0px 0px 0px 0px;\n}\n<\/style>\n<div  class='flex_column av-8euvzx-8ff92f618f304b3f9cd16400afffbb0b av_one_fourth  avia-builder-el-12  el_before_av_one_fourth  avia-builder-el-first  first flex_column_div av-zero-column-padding  '     ><article  class='iconbox iconbox_top av-tm4jh-7166c637614747b23159aafdf07689e9 av-no-box  avia-builder-el-13  avia-builder-el-no-sibling '  itemscope=\"itemscope\" itemtype=\"https:\/\/schema.org\/CreativeWork\" ><div class=\"iconbox_content\"><header class=\"entry-content-header\"><div class=\"iconbox_icon heading-color\" aria-hidden='true' data-av_icon='\ue80b' data-av_iconfont='fontello'><\/div><h3 class='iconbox_content_title '  itemprop=\"headline\" >Bus Semi Y Cama<\/h3><\/header><div class='iconbox_content_container '  itemprop=\"text\" ><p>C\u00f3modos asientos, con aire acondicionado y servicio a bordo.<\/p>\n<\/div><\/div><footer class=\"entry-footer\"><\/footer><\/article><\/div>\n<style type=\"text\/css\" data-created_by=\"avia_inline_auto\" id=\"style-css-av-80vv79-828e24d223ece20d0f5924dd25dc92d8\">\n.flex_column.av-80vv79-828e24d223ece20d0f5924dd25dc92d8{\nborder-radius:0px 0px 0px 0px;\npadding:0px 0px 0px 0px;\n}\n<\/style>\n<div  class='flex_column av-80vv79-828e24d223ece20d0f5924dd25dc92d8 av_one_fourth  avia-builder-el-14  el_after_av_one_fourth  el_before_av_one_fourth  flex_column_div av-zero-column-padding  '     ><article  class='iconbox iconbox_top av-7wxlad-203912a0a5f001457ccbdc64dc2f32af av-no-box av-icon-style-no-border  avia-builder-el-15  avia-builder-el-no-sibling '  itemscope=\"itemscope\" itemtype=\"https:\/\/schema.org\/CreativeWork\" ><div class=\"iconbox_content\"><header class=\"entry-content-header\"><div class=\"iconbox_icon heading-color\" aria-hidden='true' data-av_icon='\ue8cf' data-av_iconfont='entypo-fontello'><\/div><h3 class='iconbox_content_title '  itemprop=\"headline\" >12 cuotas!<\/h3><\/header><div class='iconbox_content_container '  itemprop=\"text\" ><p>Podes pagar tu viaje a BRASIL hasta en 12 c\u00f3modas cuotas! Reserva Hoy tu lugar!<\/p>\n<\/div><\/div><footer class=\"entry-footer\"><\/footer><\/article><\/div>\n<style type=\"text\/css\" data-created_by=\"avia_inline_auto\" id=\"style-css-av-7pbucl-0b16858ba876078ec92326c17cf6abc8\">\n.flex_column.av-7pbucl-0b16858ba876078ec92326c17cf6abc8{\nborder-radius:0px 0px 0px 0px;\npadding:0px 0px 0px 0px;\n}\n<\/style>\n<div  class='flex_column av-7pbucl-0b16858ba876078ec92326c17cf6abc8 av_one_fourth  avia-builder-el-16  el_after_av_one_fourth  el_before_av_one_fourth  flex_column_div av-zero-column-padding  '     ><article  class='iconbox iconbox_top av-7j5cbh-b3f41b568858d7aeb1d80967bbdcef7c av-no-box  avia-builder-el-17  avia-builder-el-no-sibling '  itemscope=\"itemscope\" itemtype=\"https:\/\/schema.org\/CreativeWork\" ><div class=\"iconbox_content\"><header class=\"entry-content-header\"><div class=\"iconbox_icon heading-color\" aria-hidden='true' data-av_icon='\ue80a' data-av_iconfont='entypo-fontello'><\/div><h3 class='iconbox_content_title '  itemprop=\"headline\" >Coordinador<\/h3><\/header><div class='iconbox_content_container '  itemprop=\"text\" ><p><strong>Coordinador <\/strong>para facilitar la informaci\u00f3n que necesites para todo su viaje.<\/p>\n<\/div><\/div><footer class=\"entry-footer\"><\/footer><\/article><\/div>\n<style type=\"text\/css\" data-created_by=\"avia_inline_auto\" id=\"style-css-av-7pbucl-2-a96f6ba4fc5a273056f8e5b2ca3389e6\">\n.flex_column.av-7pbucl-2-a96f6ba4fc5a273056f8e5b2ca3389e6{\nborder-radius:0px 0px 0px 0px;\npadding:0px 0px 0px 0px;\n}\n<\/style>\n<div  class='flex_column av-7pbucl-2-a96f6ba4fc5a273056f8e5b2ca3389e6 av_one_fourth  avia-builder-el-18  el_after_av_one_fourth  avia-builder-el-last  flex_column_div av-zero-column-padding  '     ><article  class='iconbox iconbox_top av-7j5cbh-1-c148875b68050cb8f9906fc08fb190df av-no-box  avia-builder-el-19  avia-builder-el-no-sibling '  itemscope=\"itemscope\" itemtype=\"https:\/\/schema.org\/CreativeWork\" ><div class=\"iconbox_content\"><header class=\"entry-content-header\"><div class=\"iconbox_icon heading-color\" aria-hidden='true' data-av_icon='\ue805' data-av_iconfont='entypo-fontello'><\/div><h3 class='iconbox_content_title '  itemprop=\"headline\" >Consultas<\/h3><\/header><div class='iconbox_content_container '  itemprop=\"text\" ><p><a href=\"https:\/\/www.mutualucyd.com\/turismo\/contacto\/\" target=\"_blank\" rel=\"noopener\">San Guillermo<\/a> &#8211; <a href=\"https:\/\/www.mutualucyd.com\/turismo\/contacto\/\" target=\"_blank\" rel=\"noopener\">Ceres<\/a> &#8211; <a href=\"https:\/\/www.mutualucyd.com\/turismo\/contacto\/\" target=\"_blank\" rel=\"noopener\">San Crist\u00f3bal<\/a> &#8211; <a href=\"https:\/\/www.mutualucyd.com\/turismo\/contacto\/\" target=\"_blank\" rel=\"noopener\">Selva<\/a> &#8211; <a href=\"https:\/\/www.mutualucyd.com\/turismo\/contacto\/\">Bandera<\/a><\/p>\n<\/div><\/div><footer class=\"entry-footer\"><\/footer><\/article><\/div>\n\n<\/div><\/div><\/div><!-- close content main div --><\/div><\/div><div id='actividades'  class='av-layout-grid-container av-42jw8l-3f6aaae76c659c67754aa6639ec22d6c entry-content-wrapper main_color av-flex-cells  avia-builder-el-20  el_after_av_section  el_before_av_layout_row  grid-row-not-first  container_wrap fullsize'  >\n\n<style type=\"text\/css\" data-created_by=\"avia_inline_auto\" id=\"style-css-av-3ylljx-d130d78f3f1a5c8169e7e1366979d429\">\n.flex_cell.av-3ylljx-d130d78f3f1a5c8169e7e1366979d429{\nvertical-align:middle;\nheight:400px;\nmin-height:400px;\nbackground:url(https:\/\/www.mutualucyd.com\/turismo\/wp-content\/uploads\/2023\/02\/Cambori\u00fa-500x333.jpg) 50% 50% no-repeat scroll ;\n}\n.responsive #top #wrap_all .flex_cell.av-3ylljx-d130d78f3f1a5c8169e7e1366979d429{\npadding:50px 50px 50px 50px !important;\n}\n<\/style>\n<div class='flex_cell av-3ylljx-d130d78f3f1a5c8169e7e1366979d429 av-gridrow-cell av_one_half no_margin  avia-builder-el-21  el_before_av_cell_one_half  avia-builder-el-first  avia-full-stretch'  ><div class='flex_cell_inner'><\/div><\/div>\n<style type=\"text\/css\" data-created_by=\"avia_inline_auto\" id=\"style-css-av-3qhael-9c8770189ac8b775843fea9815f32930\">\n.flex_cell.av-3qhael-9c8770189ac8b775843fea9815f32930{\nvertical-align:middle;\nheight:400px;\nmin-height:400px;\n}\n.responsive #top #wrap_all .flex_cell.av-3qhael-9c8770189ac8b775843fea9815f32930{\npadding:50px 50px 50px 50px !important;\n}\n<\/style>\n<div class='flex_cell av-3qhael-9c8770189ac8b775843fea9815f32930 av-gridrow-cell av_one_half no_margin  avia-builder-el-22  el_after_av_cell_one_half  avia-builder-el-last '  ><div class='flex_cell_inner'><p>\n<style type=\"text\/css\" data-created_by=\"avia_inline_auto\" id=\"style-css-av-jj65ustn-ee7ec27dcefe094ac249d313201f3876\">\n#top .av-special-heading.av-jj65ustn-ee7ec27dcefe094ac249d313201f3876{\npadding-bottom:20px;\nfont-size:34px;\n}\nbody .av-special-heading.av-jj65ustn-ee7ec27dcefe094ac249d313201f3876 .av-special-heading-tag .heading-char{\nfont-size:25px;\n}\n#top #wrap_all .av-special-heading.av-jj65ustn-ee7ec27dcefe094ac249d313201f3876 .av-special-heading-tag{\nfont-size:34px;\n}\n.av-special-heading.av-jj65ustn-ee7ec27dcefe094ac249d313201f3876 .av-subheading{\nfont-size:15px;\n}\n\n@media only screen and (min-width: 480px) and (max-width: 767px){ \n#top #wrap_all .av-special-heading.av-jj65ustn-ee7ec27dcefe094ac249d313201f3876 .av-special-heading-tag{\nfont-size:0.8em;\n}\n}\n\n@media only screen and (max-width: 479px){ \n#top #wrap_all .av-special-heading.av-jj65ustn-ee7ec27dcefe094ac249d313201f3876 .av-special-heading-tag{\nfont-size:0.8em;\n}\n}\n<\/style>\n<div  class='av-special-heading av-jj65ustn-ee7ec27dcefe094ac249d313201f3876 av-special-heading-h3 blockquote modern-quote  avia-builder-el-23  el_before_av_textblock  avia-builder-el-first  av-inherit-size'><h3 class='av-special-heading-tag'  itemprop=\"headline\"  >CAMBORIU<\/h3><div class=\"special-heading-border\"><div class=\"special-heading-inner-border\"><\/div><\/div><\/div><br \/>\n<section  class='av_textblock_section av-3evcvp-71679bc36a3fc157e4a3d511959303de '   itemscope=\"itemscope\" itemtype=\"https:\/\/schema.org\/CreativeWork\" ><div class='avia_textblock'  itemprop=\"text\" ><div>\n<p>Apodado \u00abDubai brasile\u00f1o\u00bb\u200b, es un municipio de la regi\u00f3n metropolitana de Foz do Rio Itaja\u00ed, en el litoral norte del estado de Santa Catarina, Brasil. Seg\u00fan el censo del IBGE de 2014, cuanta con una poblaci\u00f3n de 124.557 habitantes, por lo que es el 11\u00ba municipio m\u00e1s poblado del estado. Es el segundo menor en \u00e1rea total. Est\u00e1 ubicada en el kil\u00f3metro 132 de la BR-101 (SC), a 80 km al norte de la capital del estado, Florianopolis, y a 220 km al sur de Curitiba (capital del estado de Paran\u00e1).<\/p>\n<\/div>\n<div><\/div>\n<\/div><\/section><\/p>\n<\/div><\/div>\n<\/div>\n<div id='actividades'  class='av-layout-grid-container av-3asx9x-256080d6f88f895494a3622f4fb7cd61 entry-content-wrapper main_color av-flex-cells  avia-builder-el-25  el_after_av_layout_row  el_before_av_layout_row  grid-row-not-first  container_wrap fullsize'  >\n\n<style type=\"text\/css\" data-created_by=\"avia_inline_auto\" id=\"style-css-av-32vpj1-6d04f0f7e74daa56176d816a0d33bac9\">\n.flex_cell.av-32vpj1-6d04f0f7e74daa56176d816a0d33bac9{\nvertical-align:middle;\nheight:400px;\nmin-height:400px;\n}\n.responsive #top #wrap_all .flex_cell.av-32vpj1-6d04f0f7e74daa56176d816a0d33bac9{\npadding:50px 50px 50px 50px !important;\n}\n<\/style>\n<div class='flex_cell av-32vpj1-6d04f0f7e74daa56176d816a0d33bac9 av-gridrow-cell av_one_half no_margin  avia-builder-el-26  el_before_av_cell_one_half  avia-builder-el-first  avia-full-stretch'  ><div class='flex_cell_inner'><p>\n<style type=\"text\/css\" data-created_by=\"avia_inline_auto\" id=\"style-css-av-jj65vi6d-6d0df550c9cddb6bd74006753fa953e6\">\n#top .av-special-heading.av-jj65vi6d-6d0df550c9cddb6bd74006753fa953e6{\npadding-bottom:20px;\nfont-size:34px;\n}\nbody .av-special-heading.av-jj65vi6d-6d0df550c9cddb6bd74006753fa953e6 .av-special-heading-tag .heading-char{\nfont-size:25px;\n}\n#top #wrap_all .av-special-heading.av-jj65vi6d-6d0df550c9cddb6bd74006753fa953e6 .av-special-heading-tag{\nfont-size:34px;\n}\n.av-special-heading.av-jj65vi6d-6d0df550c9cddb6bd74006753fa953e6 .av-subheading{\nfont-size:15px;\n}\n\n@media only screen and (min-width: 480px) and (max-width: 767px){ \n#top #wrap_all .av-special-heading.av-jj65vi6d-6d0df550c9cddb6bd74006753fa953e6 .av-special-heading-tag{\nfont-size:0.8em;\n}\n}\n\n@media only screen and (max-width: 479px){ \n#top #wrap_all .av-special-heading.av-jj65vi6d-6d0df550c9cddb6bd74006753fa953e6 .av-special-heading-tag{\nfont-size:0.8em;\n}\n}\n<\/style>\n<div  class='av-special-heading av-jj65vi6d-6d0df550c9cddb6bd74006753fa953e6 av-special-heading-h3 blockquote modern-quote  avia-builder-el-27  el_before_av_textblock  avia-builder-el-first  av-inherit-size'><h3 class='av-special-heading-tag'  itemprop=\"headline\"  >FLORIANOPOLIS<\/h3><div class=\"special-heading-border\"><div class=\"special-heading-inner-border\"><\/div><\/div><\/div><br \/>\n<section  class='av_textblock_section av-2sibed-bab6be361a944449d1e951a8fab5aa1d '   itemscope=\"itemscope\" itemtype=\"https:\/\/schema.org\/CreativeWork\" ><div class='avia_textblock'  itemprop=\"text\" ><p>Florian\u00f3polis cuenta con 100 playas y un centro de actividades n\u00e1uticas. El diario estadounidense The New York Times afirm\u00f3 en 2009 que \u00abFlorian\u00f3polis era el destino del a\u00f1o\u00bb, mientras que Newsweek consider\u00f3 que el municipio era \u00abuna de las 10 ciudades m\u00e1s din\u00e1micas del mundo\u00bb en 2006. Es una de las capitales m\u00e1s seguras en Brasil.<\/p>\n<\/div><\/section><\/p>\n<\/div><\/div>\n<style type=\"text\/css\" data-created_by=\"avia_inline_auto\" id=\"style-css-av-2j5uqt-b45f6a3e1018870c5b70034821f2a661\">\n.flex_cell.av-2j5uqt-b45f6a3e1018870c5b70034821f2a661{\nvertical-align:middle;\nheight:400px;\nmin-height:400px;\nbackground:url(https:\/\/www.mutualucyd.com\/turismo\/wp-content\/uploads\/2018\/11\/Playa_de_Canasvieiras_Florianopolis-500x333.jpg) 50% 50% no-repeat scroll ;\n}\n.responsive #top #wrap_all .flex_cell.av-2j5uqt-b45f6a3e1018870c5b70034821f2a661{\npadding:50px 50px 50px 50px !important;\n}\n<\/style>\n<div class='flex_cell av-2j5uqt-b45f6a3e1018870c5b70034821f2a661 av-gridrow-cell av_one_half no_margin  avia-builder-el-29  el_after_av_cell_one_half  avia-builder-el-last '  ><div class='flex_cell_inner'><\/div><\/div>\n<\/div>\n<div id='actividades'  class='av-layout-grid-container av-2gw4m5-9139be1ae522e79a668e244b077be1fe entry-content-wrapper main_color av-flex-cells  avia-builder-el-30  el_after_av_layout_row  el_before_av_layout_row  grid-row-not-first  container_wrap fullsize'  >\n\n<style type=\"text\/css\" data-created_by=\"avia_inline_auto\" id=\"style-css-av-2b8ykl-920effc09dda9547c3322016cb9486b8\">\n.flex_cell.av-2b8ykl-920effc09dda9547c3322016cb9486b8{\nvertical-align:middle;\nheight:400px;\nmin-height:400px;\nbackground:url(https:\/\/www.mutualucyd.com\/turismo\/wp-content\/uploads\/2018\/11\/playa-bondi-beach-500x375.jpg) 50% 50% no-repeat scroll ;\n}\n.responsive #top #wrap_all .flex_cell.av-2b8ykl-920effc09dda9547c3322016cb9486b8{\npadding:50px 50px 50px 50px !important;\n}\n<\/style>\n<div class='flex_cell av-2b8ykl-920effc09dda9547c3322016cb9486b8 av-gridrow-cell av_one_half no_margin  avia-builder-el-31  el_before_av_cell_one_half  avia-builder-el-first  avia-full-stretch'  ><div class='flex_cell_inner'><\/div><\/div>\n<style type=\"text\/css\" data-created_by=\"avia_inline_auto\" id=\"style-css-av-214cst-84b10199330c6d50e5d2ce3d1d920db3\">\n.flex_cell.av-214cst-84b10199330c6d50e5d2ce3d1d920db3{\nvertical-align:middle;\nheight:400px;\nmin-height:400px;\n}\n.responsive #top #wrap_all .flex_cell.av-214cst-84b10199330c6d50e5d2ce3d1d920db3{\npadding:50px 50px 50px 50px !important;\n}\n<\/style>\n<div class='flex_cell av-214cst-84b10199330c6d50e5d2ce3d1d920db3 av-gridrow-cell av_one_half no_margin  avia-builder-el-32  el_after_av_cell_one_half  avia-builder-el-last '  ><div class='flex_cell_inner'><p>\n<style type=\"text\/css\" data-created_by=\"avia_inline_auto\" id=\"style-css-av-jj65vrgt-336479b2a3a27ec78148885e64e3a212\">\n#top .av-special-heading.av-jj65vrgt-336479b2a3a27ec78148885e64e3a212{\npadding-bottom:20px;\nfont-size:34px;\n}\nbody .av-special-heading.av-jj65vrgt-336479b2a3a27ec78148885e64e3a212 .av-special-heading-tag .heading-char{\nfont-size:25px;\n}\n#top #wrap_all .av-special-heading.av-jj65vrgt-336479b2a3a27ec78148885e64e3a212 .av-special-heading-tag{\nfont-size:34px;\n}\n.av-special-heading.av-jj65vrgt-336479b2a3a27ec78148885e64e3a212 .av-subheading{\nfont-size:15px;\n}\n\n@media only screen and (min-width: 480px) and (max-width: 767px){ \n#top #wrap_all .av-special-heading.av-jj65vrgt-336479b2a3a27ec78148885e64e3a212 .av-special-heading-tag{\nfont-size:0.8em;\n}\n}\n\n@media only screen and (max-width: 479px){ \n#top #wrap_all .av-special-heading.av-jj65vrgt-336479b2a3a27ec78148885e64e3a212 .av-special-heading-tag{\nfont-size:0.8em;\n}\n}\n<\/style>\n<div  class='av-special-heading av-jj65vrgt-336479b2a3a27ec78148885e64e3a212 av-special-heading-h3 blockquote modern-quote  avia-builder-el-33  el_before_av_textblock  avia-builder-el-first  av-inherit-size'><h3 class='av-special-heading-tag'  itemprop=\"headline\"  >Ferrugem<\/h3><div class=\"special-heading-border\"><div class=\"special-heading-inner-border\"><\/div><\/div><\/div><br \/>\n<section  class='av_textblock_section av-1qauf9-441fce8c08d7af5bdd8bc0922c85542d '   itemscope=\"itemscope\" itemtype=\"https:\/\/schema.org\/CreativeWork\" ><div class='avia_textblock'  itemprop=\"text\" ><p>Este r\u00fastico balneario de pescadores se sit\u00faa cerca de Garopaba y Florian\u00f3polis, destac\u00e1ndose entre las localidades de Santa Catarina por ese ambiente juvenil incomparable. Muy linda playa, muy pintoresca. El mar excelente para quienes gustan del surf. Es un sitio tranquilo resguardado por las personas que viven all\u00ed todo el a\u00f1o.<\/p>\n<\/div><\/section><\/p>\n<\/div><\/div>\n<\/div>\n<div id='ubicacion'  class='av-layout-grid-container av-r2u9x-8634f64aaaf7e0685254631803249179 entry-content-wrapper main_color av-flex-cells  avia-builder-el-35  el_after_av_layout_row  el_before_av_layout_row  grid-row-not-first  container_wrap fullsize'  >\n\n<style type=\"text\/css\" data-created_by=\"avia_inline_auto\" id=\"style-css-av-mi4hp-1b6e42300448d6798462ff64ff3485c4\">\n.flex_cell.av-mi4hp-1b6e42300448d6798462ff64ff3485c4{\nvertical-align:top;\n}\n.responsive #top #wrap_all .flex_cell.av-mi4hp-1b6e42300448d6798462ff64ff3485c4{\npadding:0px 0px 0px 0px !important;\n}\n<\/style>\n<div class='flex_cell av-mi4hp-1b6e42300448d6798462ff64ff3485c4 av-gridrow-cell av_one_full no_margin  avia-builder-el-36  avia-builder-el-no-sibling  av-zero-padding'  ><div class='flex_cell_inner'><div  class='av_gmaps_sc_main_wrap av_gmaps_main_wrap '><div id='av_gmap_0' class='avia-google-map-container avia-google-map-sc av_gmaps_show_unconditionally av-no-fallback-img ' data-mapid='av_gmap_0'  style='height: 500px;'><a class=\"av_gmaps_browser_disabled av_text_confirm_link av_text_confirm_link_visible\" href=\"https:\/\/www.google.com\/maps\/search\/?api=1&#038;query=San%20Guillermo,%20Santa%20Fe%20%20San%20Guillermo,%20Santa%20Fe%20%20Argentina\" target=\"_blank\" rel=\"noopener\">Maps were disabled by the visitor on this site. Click to open the map in a new window.<\/a><\/div><\/div>\n<\/div><\/div>\n<\/div>\n<div id='av-layout-grid-6'  class='av-layout-grid-container av-7d8m47-0e943d5afe0a8c7fb67bfd635569116f entry-content-wrapper main_color av-flex-cells  avia-builder-el-38  el_after_av_layout_row  el_before_av_layout_row  grid-row-not-first  container_wrap fullsize'  >\n\n<style type=\"text\/css\" data-created_by=\"avia_inline_auto\" id=\"style-css-av-q6h4n-29ee60c4d72e90ba557f3ecb6610d8de\">\n.flex_cell.av-q6h4n-29ee60c4d72e90ba557f3ecb6610d8de{\nvertical-align:top;\nbackground-color:#0085ae;\n}\n.responsive #top #wrap_all .flex_cell.av-q6h4n-29ee60c4d72e90ba557f3ecb6610d8de{\npadding:90px 50px 90px 50px !important;\n}\n<\/style>\n<div class='flex_cell av-q6h4n-29ee60c4d72e90ba557f3ecb6610d8de av-gridrow-cell av_one_third no_margin  avia-builder-el-39  el_before_av_cell_one_third  avia-builder-el-first  avia-full-stretch'  ><div class='flex_cell_inner'><p>\n<style type=\"text\/css\" data-created_by=\"avia_inline_auto\" id=\"style-css-av-1qbd22-6c6aa9fed33a11e60e028109cacaf721\">\n#top .av-special-heading.av-1qbd22-6c6aa9fed33a11e60e028109cacaf721{\npadding-bottom:10px;\ncolor:#ffffff;\nfont-size:20px;\n}\nbody .av-special-heading.av-1qbd22-6c6aa9fed33a11e60e028109cacaf721 .av-special-heading-tag .heading-char{\nfont-size:25px;\n}\n#top #wrap_all .av-special-heading.av-1qbd22-6c6aa9fed33a11e60e028109cacaf721 .av-special-heading-tag{\nfont-size:20px;\n}\n.av-special-heading.av-1qbd22-6c6aa9fed33a11e60e028109cacaf721 .special-heading-inner-border{\nborder-color:#ffffff;\n}\n.av-special-heading.av-1qbd22-6c6aa9fed33a11e60e028109cacaf721 .av-subheading{\nfont-size:15px;\n}\n\n@media only screen and (min-width: 480px) and (max-width: 767px){ \n#top #wrap_all .av-special-heading.av-1qbd22-6c6aa9fed33a11e60e028109cacaf721 .av-special-heading-tag{\nfont-size:0.8em;\n}\n}\n\n@media only screen and (max-width: 479px){ \n#top #wrap_all .av-special-heading.av-1qbd22-6c6aa9fed33a11e60e028109cacaf721 .av-special-heading-tag{\nfont-size:0.8em;\n}\n}\n<\/style>\n<div  class='av-special-heading av-1qbd22-6c6aa9fed33a11e60e028109cacaf721 av-special-heading-h5 custom-color-heading blockquote modern-quote  avia-builder-el-40  el_before_av_one_full  avia-builder-el-first  av-inherit-size'><h5 class='av-special-heading-tag'  itemprop=\"headline\"  >Casa Central: San Guillermo<\/h5><div class=\"special-heading-border\"><div class=\"special-heading-inner-border\"><\/div><\/div><\/div><br \/>\n\n<style type=\"text\/css\" data-created_by=\"avia_inline_auto\" id=\"style-css-av-6v4l4f-2746de8b7d604adea18e5b0d388a66fd\">\n#top .flex_column.av-6v4l4f-2746de8b7d604adea18e5b0d388a66fd{\nmargin-top:0px;\nmargin-bottom:0px;\n}\n.flex_column.av-6v4l4f-2746de8b7d604adea18e5b0d388a66fd{\nborder-radius:0px 0px 0px 0px;\npadding:0px 0px 0px 0px;\n}\n.responsive #top #wrap_all .flex_column.av-6v4l4f-2746de8b7d604adea18e5b0d388a66fd{\nmargin-top:0px;\nmargin-bottom:0px;\n}\n<\/style>\n<div  class='flex_column av-6v4l4f-2746de8b7d604adea18e5b0d388a66fd av_one_full  avia-builder-el-41  el_after_av_heading  avia-builder-el-last  first flex_column_div av-zero-column-padding  '     ><style type=\"text\/css\" data-created_by=\"avia_inline_auto\" id=\"style-css-av-6nep9j-d5cf8427611212b3e8e611adcd6e8bbc\">\n#top .avia-icon-list-container.av-6nep9j-d5cf8427611212b3e8e611adcd6e8bbc .iconlist_icon{\ncolor:#ffffff;\n}\n#top #wrap_all .avia-icon-list-container.av-6nep9j-d5cf8427611212b3e8e611adcd6e8bbc .av_iconlist_title{\ncolor:#ffffff;\n}\n.avia-icon-list-container.av-6nep9j-d5cf8427611212b3e8e611adcd6e8bbc .iconlist_content{\ncolor:#ffffff;\n}\n<\/style>\n<div  class='avia-icon-list-container av-6nep9j-d5cf8427611212b3e8e611adcd6e8bbc  avia-builder-el-42  avia-builder-el-no-sibling '><ul class='avia-icon-list avia_animate_when_almost_visible avia-icon-list-left av-iconlist-small av-6nep9j-d5cf8427611212b3e8e611adcd6e8bbc avia-iconlist-animate'>\n<li><div class='iconlist_icon av-xz95j-4fb7eacc32ffbfd67078d1fedb067a7b avia-font-entypo-fontello'><span class='iconlist-char' aria-hidden='true' data-av_icon='\ue854' data-av_iconfont='entypo-fontello'><\/span><\/div><article class=\"article-icon-entry av-iconlist-empty\"  itemscope=\"itemscope\" itemtype=\"https:\/\/schema.org\/CreativeWork\" ><div class=\"iconlist_content_wrap\"><header class=\"entry-content-header\"><div class='av_iconlist_title iconlist_title_small  av_inherit_color'  itemprop=\"headline\" >Tel. 03562-467323\/465599 - Interno 209<\/div><\/header><div class='iconlist_content av_inherit_color'  itemprop=\"text\" ><\/div><\/div><footer class=\"entry-footer\"><\/footer><\/article><div class=\"iconlist-timeline\"><\/div><\/li>\n<li><a href='https:\/\/www.mutualucyd.com\/turismo\/contacto\/' title='turismomutual@mutualucyd.com.ar'  class='iconlist_icon av-1mq16y-b0e2fd044784ea834b8489a902343105 avia-font-entypo-fontello'><span class='iconlist-char' aria-hidden='true' data-av_icon='\ue805' data-av_iconfont='entypo-fontello'><\/span><\/a><article class=\"article-icon-entry av-iconlist-empty\"  itemscope=\"itemscope\" itemtype=\"https:\/\/schema.org\/CreativeWork\" ><div class=\"iconlist_content_wrap\"><header class=\"entry-content-header\"><div class='av_iconlist_title iconlist_title_small  av_inherit_color'  itemprop=\"headline\" ><a href='https:\/\/www.mutualucyd.com\/turismo\/contacto\/' title='turismomutual@mutualucyd.com.ar'>turismomutual@mutualucyd.com.ar<\/a><\/div><\/header><div class='iconlist_content av_inherit_color'  itemprop=\"text\" ><\/div><\/div><footer class=\"entry-footer\"><\/footer><\/article><div class=\"iconlist-timeline\"><\/div><\/li>\n<li><div class='iconlist_icon av-j951r-981a338c51b0ba09a1fa9c7ad260a822 avia-font-entypo-fontello'><span class='iconlist-char' aria-hidden='true' data-av_icon='\ue842' data-av_iconfont='entypo-fontello'><\/span><\/div><article class=\"article-icon-entry av-iconlist-empty\"  itemscope=\"itemscope\" itemtype=\"https:\/\/schema.org\/CreativeWork\" ><div class=\"iconlist_content_wrap\"><header class=\"entry-content-header\"><div class='av_iconlist_title iconlist_title_small  av_inherit_color'  itemprop=\"headline\" >Av. San Mart\u00edn 94. San Guillermo, Santa Fe. Argentina.<\/div><\/header><div class='iconlist_content av_inherit_color'  itemprop=\"text\" ><\/div><\/div><footer class=\"entry-footer\"><\/footer><\/article><div class=\"iconlist-timeline\"><\/div><\/li>\n<\/ul><\/div><\/div><\/p>\n<\/div><\/div>\n<style type=\"text\/css\" data-created_by=\"avia_inline_auto\" id=\"style-css-av-64466f-4f1d82759c337269aa461d34b9747e4b\">\n.flex_cell.av-64466f-4f1d82759c337269aa461d34b9747e4b{\nvertical-align:top;\nbackground-color:#0093c0;\n}\n.responsive #top #wrap_all .flex_cell.av-64466f-4f1d82759c337269aa461d34b9747e4b{\npadding:90px 50px 90px 50px !important;\n}\n<\/style>\n<div class='flex_cell av-64466f-4f1d82759c337269aa461d34b9747e4b av-gridrow-cell av_one_third no_margin  avia-builder-el-43  el_after_av_cell_one_third  el_before_av_cell_one_third  avia-full-stretch'  ><div class='flex_cell_inner'><p>\n<style type=\"text\/css\" data-created_by=\"avia_inline_auto\" id=\"style-css-av-1dszbm-3d0b1bc1514fdf63adf38a0de7f654f5\">\n#top .av-special-heading.av-1dszbm-3d0b1bc1514fdf63adf38a0de7f654f5{\npadding-bottom:10px;\ncolor:#ffffff;\nfont-size:20px;\n}\nbody .av-special-heading.av-1dszbm-3d0b1bc1514fdf63adf38a0de7f654f5 .av-special-heading-tag .heading-char{\nfont-size:25px;\n}\n#top #wrap_all .av-special-heading.av-1dszbm-3d0b1bc1514fdf63adf38a0de7f654f5 .av-special-heading-tag{\nfont-size:20px;\n}\n.av-special-heading.av-1dszbm-3d0b1bc1514fdf63adf38a0de7f654f5 .special-heading-inner-border{\nborder-color:#ffffff;\n}\n.av-special-heading.av-1dszbm-3d0b1bc1514fdf63adf38a0de7f654f5 .av-subheading{\nfont-size:15px;\n}\n\n@media only screen and (min-width: 480px) and (max-width: 767px){ \n#top #wrap_all .av-special-heading.av-1dszbm-3d0b1bc1514fdf63adf38a0de7f654f5 .av-special-heading-tag{\nfont-size:0.8em;\n}\n}\n\n@media only screen and (max-width: 479px){ \n#top #wrap_all .av-special-heading.av-1dszbm-3d0b1bc1514fdf63adf38a0de7f654f5 .av-special-heading-tag{\nfont-size:0.8em;\n}\n}\n<\/style>\n<div  class='av-special-heading av-1dszbm-3d0b1bc1514fdf63adf38a0de7f654f5 av-special-heading-h5 custom-color-heading blockquote modern-quote  avia-builder-el-44  el_before_av_one_full  avia-builder-el-first  av-inherit-size'><h5 class='av-special-heading-tag'  itemprop=\"headline\"  >En Ceres<\/h5><div class=\"special-heading-border\"><div class=\"special-heading-inner-border\"><\/div><\/div><\/div><br \/>\n\n<style type=\"text\/css\" data-created_by=\"avia_inline_auto\" id=\"style-css-av-5rxnwv-72d156f8bf9b8486355dc68a1d1f24af\">\n#top .flex_column.av-5rxnwv-72d156f8bf9b8486355dc68a1d1f24af{\nmargin-top:0px;\nmargin-bottom:0px;\n}\n.flex_column.av-5rxnwv-72d156f8bf9b8486355dc68a1d1f24af{\nborder-radius:0px 0px 0px 0px;\npadding:0px 0px 0px 0px;\n}\n.responsive #top #wrap_all .flex_column.av-5rxnwv-72d156f8bf9b8486355dc68a1d1f24af{\nmargin-top:0px;\nmargin-bottom:0px;\n}\n<\/style>\n<div  class='flex_column av-5rxnwv-72d156f8bf9b8486355dc68a1d1f24af av_one_full  avia-builder-el-45  el_after_av_heading  avia-builder-el-last  first flex_column_div av-zero-column-padding  '     ><style type=\"text\/css\" data-created_by=\"avia_inline_auto\" id=\"style-css-av-5j0s7r-86970c576d8622d28d9c971065a5e188\">\n#top .avia-icon-list-container.av-5j0s7r-86970c576d8622d28d9c971065a5e188 .iconlist_icon{\ncolor:#ffffff;\n}\n#top #wrap_all .avia-icon-list-container.av-5j0s7r-86970c576d8622d28d9c971065a5e188 .av_iconlist_title{\ncolor:#ffffff;\n}\n.avia-icon-list-container.av-5j0s7r-86970c576d8622d28d9c971065a5e188 .iconlist_content{\ncolor:#ffffff;\n}\n<\/style>\n<div  class='avia-icon-list-container av-5j0s7r-86970c576d8622d28d9c971065a5e188  avia-builder-el-46  avia-builder-el-no-sibling '><ul class='avia-icon-list avia_animate_when_almost_visible avia-icon-list-left av-iconlist-small av-5j0s7r-86970c576d8622d28d9c971065a5e188 avia-iconlist-animate'>\n<li><div class='iconlist_icon av-3sigv-d75ef8e0791768a555960d69ed2fcc99 avia-font-entypo-fontello'><span class='iconlist-char' aria-hidden='true' data-av_icon='\ue854' data-av_iconfont='entypo-fontello'><\/span><\/div><article class=\"article-icon-entry av-iconlist-empty\"  itemscope=\"itemscope\" itemtype=\"https:\/\/schema.org\/CreativeWork\" ><div class=\"iconlist_content_wrap\"><header class=\"entry-content-header\"><div class='av_iconlist_title iconlist_title_small  av_inherit_color'  itemprop=\"headline\" >Tel. (03491) 422410<\/div><\/header><div class='iconlist_content av_inherit_color'  itemprop=\"text\" ><\/div><\/div><footer class=\"entry-footer\"><\/footer><\/article><div class=\"iconlist-timeline\"><\/div><\/li>\n<li><a href='https:\/\/www.mutualucyd.com\/turismo\/contacto\/' title='turismomutual@mutualucyd.com.ar'  class='iconlist_icon av-18u4a2-62ee83627fb03fba97d7d05698f94ae4 avia-font-entypo-fontello'><span class='iconlist-char' aria-hidden='true' data-av_icon='\ue805' data-av_iconfont='entypo-fontello'><\/span><\/a><article class=\"article-icon-entry av-iconlist-empty\"  itemscope=\"itemscope\" itemtype=\"https:\/\/schema.org\/CreativeWork\" ><div class=\"iconlist_content_wrap\"><header class=\"entry-content-header\"><div class='av_iconlist_title iconlist_title_small  av_inherit_color'  itemprop=\"headline\" ><a href='https:\/\/www.mutualucyd.com\/turismo\/contacto\/' title='turismomutual@mutualucyd.com.ar'>turismomutual@mutualucyd.com.ar<\/a><\/div><\/header><div class='iconlist_content av_inherit_color'  itemprop=\"text\" ><\/div><\/div><footer class=\"entry-footer\"><\/footer><\/article><div class=\"iconlist-timeline\"><\/div><\/li>\n<li><div class='iconlist_icon av-sz64n-7e95e3669f6b25d6b7c1dd4ffda9a03d avia-font-entypo-fontello'><span class='iconlist-char' aria-hidden='true' data-av_icon='\ue842' data-av_iconfont='entypo-fontello'><\/span><\/div><article class=\"article-icon-entry av-iconlist-empty\"  itemscope=\"itemscope\" itemtype=\"https:\/\/schema.org\/CreativeWork\" ><div class=\"iconlist_content_wrap\"><header class=\"entry-content-header\"><div class='av_iconlist_title iconlist_title_small  av_inherit_color'  itemprop=\"headline\" >Av. Mayo 126. Ceres, Santa Fe. Argentina.<\/div><\/header><div class='iconlist_content av_inherit_color'  itemprop=\"text\" ><\/div><\/div><footer class=\"entry-footer\"><\/footer><\/article><div class=\"iconlist-timeline\"><\/div><\/li>\n<\/ul><\/div><\/div><\/p>\n<\/div><\/div>\n<style type=\"text\/css\" data-created_by=\"avia_inline_auto\" id=\"style-css-av-4xvnr3-62d1ca72a334e0333a937a1e887fa32b\">\n.flex_cell.av-4xvnr3-62d1ca72a334e0333a937a1e887fa32b{\nvertical-align:top;\nbackground-color:#009fd0;\n}\n.responsive #top #wrap_all .flex_cell.av-4xvnr3-62d1ca72a334e0333a937a1e887fa32b{\npadding:90px 50px 90px 50px !important;\n}\n<\/style>\n<div class='flex_cell av-4xvnr3-62d1ca72a334e0333a937a1e887fa32b av-gridrow-cell av_one_third no_margin  avia-builder-el-47  el_after_av_cell_one_third  avia-builder-el-last  avia-full-stretch'  ><div class='flex_cell_inner'><p>\n<style type=\"text\/css\" data-created_by=\"avia_inline_auto\" id=\"style-css-av-12l0vu-c644337413bbc734b6b526c1211be69e\">\n#top .av-special-heading.av-12l0vu-c644337413bbc734b6b526c1211be69e{\npadding-bottom:10px;\ncolor:#ffffff;\nfont-size:20px;\n}\nbody .av-special-heading.av-12l0vu-c644337413bbc734b6b526c1211be69e .av-special-heading-tag .heading-char{\nfont-size:25px;\n}\n#top #wrap_all .av-special-heading.av-12l0vu-c644337413bbc734b6b526c1211be69e .av-special-heading-tag{\nfont-size:20px;\n}\n.av-special-heading.av-12l0vu-c644337413bbc734b6b526c1211be69e .special-heading-inner-border{\nborder-color:#ffffff;\n}\n.av-special-heading.av-12l0vu-c644337413bbc734b6b526c1211be69e .av-subheading{\nfont-size:15px;\n}\n\n@media only screen and (min-width: 480px) and (max-width: 767px){ \n#top #wrap_all .av-special-heading.av-12l0vu-c644337413bbc734b6b526c1211be69e .av-special-heading-tag{\nfont-size:0.8em;\n}\n}\n\n@media only screen and (max-width: 479px){ \n#top #wrap_all .av-special-heading.av-12l0vu-c644337413bbc734b6b526c1211be69e .av-special-heading-tag{\nfont-size:0.8em;\n}\n}\n<\/style>\n<div  class='av-special-heading av-12l0vu-c644337413bbc734b6b526c1211be69e av-special-heading-h5 custom-color-heading blockquote modern-quote  avia-builder-el-48  el_before_av_one_full  avia-builder-el-first  av-inherit-size'><h5 class='av-special-heading-tag'  itemprop=\"headline\"  >En San Cristobal<\/h5><div class=\"special-heading-border\"><div class=\"special-heading-inner-border\"><\/div><\/div><\/div><br \/>\n\n<style type=\"text\/css\" data-created_by=\"avia_inline_auto\" id=\"style-css-av-1ma3z-210e03a9e6b9cbbfc2e269ae29af62ec\">\n#top .flex_column.av-1ma3z-210e03a9e6b9cbbfc2e269ae29af62ec{\nmargin-top:0px;\nmargin-bottom:0px;\n}\n.flex_column.av-1ma3z-210e03a9e6b9cbbfc2e269ae29af62ec{\nborder-radius:0px 0px 0px 0px;\npadding:0px 0px 0px 0px;\n}\n.responsive #top #wrap_all .flex_column.av-1ma3z-210e03a9e6b9cbbfc2e269ae29af62ec{\nmargin-top:0px;\nmargin-bottom:0px;\n}\n<\/style>\n<div  class='flex_column av-1ma3z-210e03a9e6b9cbbfc2e269ae29af62ec av_one_full  avia-builder-el-49  el_after_av_heading  avia-builder-el-last  first flex_column_div av-zero-column-padding  '     ><style type=\"text\/css\" data-created_by=\"avia_inline_auto\" id=\"style-css-av-4e9gwv-cb348ef0c59c200223b271d66bbc1690\">\n#top .avia-icon-list-container.av-4e9gwv-cb348ef0c59c200223b271d66bbc1690 .iconlist_icon{\ncolor:#ffffff;\n}\n#top #wrap_all .avia-icon-list-container.av-4e9gwv-cb348ef0c59c200223b271d66bbc1690 .av_iconlist_title{\ncolor:#ffffff;\n}\n.avia-icon-list-container.av-4e9gwv-cb348ef0c59c200223b271d66bbc1690 .iconlist_content{\ncolor:#ffffff;\n}\n<\/style>\n<div  class='avia-icon-list-container av-4e9gwv-cb348ef0c59c200223b271d66bbc1690  avia-builder-el-50  avia-builder-el-no-sibling '><ul class='avia-icon-list avia_animate_when_almost_visible avia-icon-list-left av-iconlist-small av-4e9gwv-cb348ef0c59c200223b271d66bbc1690 avia-iconlist-animate'>\n<li><div class='iconlist_icon av-mrsgn-16b64b24b1980cd2be28419d50179ec9 avia-font-entypo-fontello'><span class='iconlist-char' aria-hidden='true' data-av_icon='\ue854' data-av_iconfont='entypo-fontello'><\/span><\/div><article class=\"article-icon-entry av-iconlist-empty\"  itemscope=\"itemscope\" itemtype=\"https:\/\/schema.org\/CreativeWork\" ><div class=\"iconlist_content_wrap\"><header class=\"entry-content-header\"><div class='av_iconlist_title iconlist_title_small  av_inherit_color'  itemprop=\"headline\" >Tel. (03408) 421627<\/div><\/header><div class='iconlist_content av_inherit_color'  itemprop=\"text\" ><\/div><\/div><footer class=\"entry-footer\"><\/footer><\/article><div class=\"iconlist-timeline\"><\/div><\/li>\n<li><a href='https:\/\/www.mutualucyd.com\/turismo\/contacto\/' title='turismomutual@mutualucyd.com.ar'  class='iconlist_icon av-wqheq-a1985eed07421fb78736604f13a391b8 avia-font-entypo-fontello'><span class='iconlist-char' aria-hidden='true' data-av_icon='\ue805' data-av_iconfont='entypo-fontello'><\/span><\/a><article class=\"article-icon-entry av-iconlist-empty\"  itemscope=\"itemscope\" itemtype=\"https:\/\/schema.org\/CreativeWork\" ><div class=\"iconlist_content_wrap\"><header class=\"entry-content-header\"><div class='av_iconlist_title iconlist_title_small  av_inherit_color'  itemprop=\"headline\" ><a href='https:\/\/www.mutualucyd.com\/turismo\/contacto\/' title='turismomutual@mutualucyd.com.ar'>turismomutual@mutualucyd.com.ar<\/a><\/div><\/header><div class='iconlist_content av_inherit_color'  itemprop=\"text\" ><\/div><\/div><footer class=\"entry-footer\"><\/footer><\/article><div class=\"iconlist-timeline\"><\/div><\/li>\n<li><div class='iconlist_icon av-16bxzz-70b78167720480d7968cfcd18b04d01f avia-font-entypo-fontello'><span class='iconlist-char' aria-hidden='true' data-av_icon='\ue842' data-av_iconfont='entypo-fontello'><\/span><\/div><article class=\"article-icon-entry av-iconlist-empty\"  itemscope=\"itemscope\" itemtype=\"https:\/\/schema.org\/CreativeWork\" ><div class=\"iconlist_content_wrap\"><header class=\"entry-content-header\"><div class='av_iconlist_title iconlist_title_small  av_inherit_color'  itemprop=\"headline\" >Av. Caseros 1030. San Crist\u00f3bal, Santa Fe. Argentina.<\/div><\/header><div class='iconlist_content av_inherit_color'  itemprop=\"text\" ><\/div><\/div><footer class=\"entry-footer\"><\/footer><\/article><div class=\"iconlist-timeline\"><\/div><\/li>\n<\/ul><\/div><\/div><\/p>\n<\/div><\/div>\n<\/div>\n<div id='av-layout-grid-7'  class='av-layout-grid-container av-3ps8dj-ff84f3796e4164dd7dfa275e97214468 entry-content-wrapper main_color av-flex-cells  avia-builder-el-51  el_after_av_layout_row  avia-builder-el-last  grid-row-not-first  container_wrap fullsize'  >\n\n<style type=\"text\/css\" data-created_by=\"avia_inline_auto\" id=\"style-css-av-cmirr-5a496552464e7b216d498966a18909b4\">\n.flex_cell.av-cmirr-5a496552464e7b216d498966a18909b4{\nvertical-align:top;\nbackground-color:#01a5d8;\n}\n.responsive #top #wrap_all .flex_cell.av-cmirr-5a496552464e7b216d498966a18909b4{\npadding:90px 50px 90px 50px !important;\n}\n<\/style>\n<div class='flex_cell av-cmirr-5a496552464e7b216d498966a18909b4 av-gridrow-cell av_one_third no_margin  avia-builder-el-52  el_before_av_cell_one_third  avia-builder-el-first  avia-full-stretch'  ><div class='flex_cell_inner'><p>\n<style type=\"text\/css\" data-created_by=\"avia_inline_auto\" id=\"style-css-av-ohwpm-25bb221630a4bc7965cf1b7702fd5307\">\n#top .av-special-heading.av-ohwpm-25bb221630a4bc7965cf1b7702fd5307{\npadding-bottom:10px;\ncolor:#ffffff;\nfont-size:20px;\n}\nbody .av-special-heading.av-ohwpm-25bb221630a4bc7965cf1b7702fd5307 .av-special-heading-tag .heading-char{\nfont-size:25px;\n}\n#top #wrap_all .av-special-heading.av-ohwpm-25bb221630a4bc7965cf1b7702fd5307 .av-special-heading-tag{\nfont-size:20px;\n}\n.av-special-heading.av-ohwpm-25bb221630a4bc7965cf1b7702fd5307 .special-heading-inner-border{\nborder-color:#ffffff;\n}\n.av-special-heading.av-ohwpm-25bb221630a4bc7965cf1b7702fd5307 .av-subheading{\nfont-size:15px;\n}\n\n@media only screen and (min-width: 480px) and (max-width: 767px){ \n#top #wrap_all .av-special-heading.av-ohwpm-25bb221630a4bc7965cf1b7702fd5307 .av-special-heading-tag{\nfont-size:0.8em;\n}\n}\n\n@media only screen and (max-width: 479px){ \n#top #wrap_all .av-special-heading.av-ohwpm-25bb221630a4bc7965cf1b7702fd5307 .av-special-heading-tag{\nfont-size:0.8em;\n}\n}\n<\/style>\n<div  class='av-special-heading av-ohwpm-25bb221630a4bc7965cf1b7702fd5307 av-special-heading-h5 custom-color-heading blockquote modern-quote  avia-builder-el-53  el_before_av_one_full  avia-builder-el-first  av-inherit-size'><h5 class='av-special-heading-tag'  itemprop=\"headline\"  >En Selva<\/h5><div class=\"special-heading-border\"><div class=\"special-heading-inner-border\"><\/div><\/div><\/div><br \/>\n\n<style type=\"text\/css\" data-created_by=\"avia_inline_auto\" id=\"style-css-av-36o5jj-0e1dab14fa9a17ac70ff8608deb59eda\">\n#top .flex_column.av-36o5jj-0e1dab14fa9a17ac70ff8608deb59eda{\nmargin-top:0px;\nmargin-bottom:0px;\n}\n.flex_column.av-36o5jj-0e1dab14fa9a17ac70ff8608deb59eda{\nborder-radius:0px 0px 0px 0px;\npadding:0px 0px 0px 0px;\n}\n.responsive #top #wrap_all .flex_column.av-36o5jj-0e1dab14fa9a17ac70ff8608deb59eda{\nmargin-top:0px;\nmargin-bottom:0px;\n}\n<\/style>\n<div  class='flex_column av-36o5jj-0e1dab14fa9a17ac70ff8608deb59eda av_one_full  avia-builder-el-54  el_after_av_heading  avia-builder-el-last  first flex_column_div av-zero-column-padding  '     ><style type=\"text\/css\" data-created_by=\"avia_inline_auto\" id=\"style-css-av-34jz9b-274e4be36d0caa7d2d250ca1ae31e641\">\n#top .avia-icon-list-container.av-34jz9b-274e4be36d0caa7d2d250ca1ae31e641 .iconlist_icon{\ncolor:#ffffff;\n}\n#top #wrap_all .avia-icon-list-container.av-34jz9b-274e4be36d0caa7d2d250ca1ae31e641 .av_iconlist_title{\ncolor:#ffffff;\n}\n.avia-icon-list-container.av-34jz9b-274e4be36d0caa7d2d250ca1ae31e641 .iconlist_content{\ncolor:#ffffff;\n}\n<\/style>\n<div  class='avia-icon-list-container av-34jz9b-274e4be36d0caa7d2d250ca1ae31e641  avia-builder-el-55  avia-builder-el-no-sibling '><ul class='avia-icon-list avia_animate_when_almost_visible avia-icon-list-left av-iconlist-small av-34jz9b-274e4be36d0caa7d2d250ca1ae31e641 avia-iconlist-animate'>\n<li><div class='iconlist_icon av-140i53-3c39c30b3ce7572465475de8f5c4d8fd avia-font-entypo-fontello'><span class='iconlist-char' aria-hidden='true' data-av_icon='\ue854' data-av_iconfont='entypo-fontello'><\/span><\/div><article class=\"article-icon-entry av-iconlist-empty\"  itemscope=\"itemscope\" itemtype=\"https:\/\/schema.org\/CreativeWork\" ><div class=\"iconlist_content_wrap\"><header class=\"entry-content-header\"><div class='av_iconlist_title iconlist_title_small  av_inherit_color'  itemprop=\"headline\" >Tel. (03857) 495215<\/div><\/header><div class='iconlist_content av_inherit_color'  itemprop=\"text\" ><\/div><\/div><footer class=\"entry-footer\"><\/footer><\/article><div class=\"iconlist-timeline\"><\/div><\/li>\n<li><a href='https:\/\/www.mutualucyd.com\/turismo\/contacto\/' title='turismomutual@mutualucyd.com.ar'  class='iconlist_icon av-kqihe-73e287502700d536781c34a1b4ab6492 avia-font-entypo-fontello'><span class='iconlist-char' aria-hidden='true' data-av_icon='\ue805' data-av_iconfont='entypo-fontello'><\/span><\/a><article class=\"article-icon-entry av-iconlist-empty\"  itemscope=\"itemscope\" itemtype=\"https:\/\/schema.org\/CreativeWork\" ><div class=\"iconlist_content_wrap\"><header class=\"entry-content-header\"><div class='av_iconlist_title iconlist_title_small  av_inherit_color'  itemprop=\"headline\" ><a href='https:\/\/www.mutualucyd.com\/turismo\/contacto\/' title='turismomutual@mutualucyd.com.ar'>turismomutual@mutualucyd.com.ar<\/a><\/div><\/header><div class='iconlist_content av_inherit_color'  itemprop=\"text\" ><\/div><\/div><footer class=\"entry-footer\"><\/footer><\/article><div class=\"iconlist-timeline\"><\/div><\/li>\n<li><div class='iconlist_icon av-raq7b-af1754c34a2e905192cfd1d34f27bb65 avia-font-entypo-fontello'><span class='iconlist-char' aria-hidden='true' data-av_icon='\ue842' data-av_iconfont='entypo-fontello'><\/span><\/div><article class=\"article-icon-entry av-iconlist-empty\"  itemscope=\"itemscope\" itemtype=\"https:\/\/schema.org\/CreativeWork\" ><div class=\"iconlist_content_wrap\"><header class=\"entry-content-header\"><div class='av_iconlist_title iconlist_title_small  av_inherit_color'  itemprop=\"headline\" >Av. Jos\u00e9 Belletti 66. Selva, Santiago del Estero. Argentina.<\/div><\/header><div class='iconlist_content av_inherit_color'  itemprop=\"text\" ><\/div><\/div><footer class=\"entry-footer\"><\/footer><\/article><div class=\"iconlist-timeline\"><\/div><\/li>\n<\/ul><\/div><\/div><\/p>\n<\/div><\/div>\n<style type=\"text\/css\" data-created_by=\"avia_inline_auto\" id=\"style-css-av-2dzm8v-a5910196692fb9cf52ae24962230966f\">\n.flex_cell.av-2dzm8v-a5910196692fb9cf52ae24962230966f{\nvertical-align:top;\nbackground-color:#0ab1e4;\n}\n.responsive #top #wrap_all .flex_cell.av-2dzm8v-a5910196692fb9cf52ae24962230966f{\npadding:90px 50px 90px 50px !important;\n}\n<\/style>\n<div class='flex_cell av-2dzm8v-a5910196692fb9cf52ae24962230966f av-gridrow-cell av_one_third no_margin  avia-builder-el-56  el_after_av_cell_one_third  el_before_av_cell_one_third  avia-full-stretch'  ><div class='flex_cell_inner'><p>\n<style type=\"text\/css\" data-created_by=\"avia_inline_auto\" id=\"style-css-av-h4e2i-169b87a3b3dc8a19239a912379736c51\">\n#top .av-special-heading.av-h4e2i-169b87a3b3dc8a19239a912379736c51{\npadding-bottom:10px;\ncolor:#ffffff;\nfont-size:20px;\n}\nbody .av-special-heading.av-h4e2i-169b87a3b3dc8a19239a912379736c51 .av-special-heading-tag .heading-char{\nfont-size:25px;\n}\n#top #wrap_all .av-special-heading.av-h4e2i-169b87a3b3dc8a19239a912379736c51 .av-special-heading-tag{\nfont-size:20px;\n}\n.av-special-heading.av-h4e2i-169b87a3b3dc8a19239a912379736c51 .special-heading-inner-border{\nborder-color:#ffffff;\n}\n.av-special-heading.av-h4e2i-169b87a3b3dc8a19239a912379736c51 .av-subheading{\nfont-size:15px;\n}\n\n@media only screen and (min-width: 480px) and (max-width: 767px){ \n#top #wrap_all .av-special-heading.av-h4e2i-169b87a3b3dc8a19239a912379736c51 .av-special-heading-tag{\nfont-size:0.8em;\n}\n}\n\n@media only screen and (max-width: 479px){ \n#top #wrap_all .av-special-heading.av-h4e2i-169b87a3b3dc8a19239a912379736c51 .av-special-heading-tag{\nfont-size:0.8em;\n}\n}\n<\/style>\n<div  class='av-special-heading av-h4e2i-169b87a3b3dc8a19239a912379736c51 av-special-heading-h5 custom-color-heading blockquote modern-quote  avia-builder-el-57  el_before_av_one_full  avia-builder-el-first  av-inherit-size'><h5 class='av-special-heading-tag'  itemprop=\"headline\"  >En Bandera<\/h5><div class=\"special-heading-border\"><div class=\"special-heading-inner-border\"><\/div><\/div><\/div><br \/>\n\n<style type=\"text\/css\" data-created_by=\"avia_inline_auto\" id=\"style-css-av-20h21j-46fb69154b2da0a56ccaf2341964a98d\">\n#top .flex_column.av-20h21j-46fb69154b2da0a56ccaf2341964a98d{\nmargin-top:0px;\nmargin-bottom:0px;\n}\n.flex_column.av-20h21j-46fb69154b2da0a56ccaf2341964a98d{\nborder-radius:0px 0px 0px 0px;\npadding:0px 0px 0px 0px;\n}\n.responsive #top #wrap_all .flex_column.av-20h21j-46fb69154b2da0a56ccaf2341964a98d{\nmargin-top:0px;\nmargin-bottom:0px;\n}\n<\/style>\n<div  class='flex_column av-20h21j-46fb69154b2da0a56ccaf2341964a98d av_one_full  avia-builder-el-58  el_after_av_heading  avia-builder-el-last  first flex_column_div av-zero-column-padding  '     ><style type=\"text\/css\" data-created_by=\"avia_inline_auto\" id=\"style-css-av-1uvjev-ae89287b126dacf70cea480a80b1f9d4\">\n#top .avia-icon-list-container.av-1uvjev-ae89287b126dacf70cea480a80b1f9d4 .iconlist_icon{\ncolor:#ffffff;\n}\n#top #wrap_all .avia-icon-list-container.av-1uvjev-ae89287b126dacf70cea480a80b1f9d4 .av_iconlist_title{\ncolor:#ffffff;\n}\n.avia-icon-list-container.av-1uvjev-ae89287b126dacf70cea480a80b1f9d4 .iconlist_content{\ncolor:#ffffff;\n}\n<\/style>\n<div  class='avia-icon-list-container av-1uvjev-ae89287b126dacf70cea480a80b1f9d4  avia-builder-el-59  avia-builder-el-no-sibling '><ul class='avia-icon-list avia_animate_when_almost_visible avia-icon-list-left av-iconlist-small av-1uvjev-ae89287b126dacf70cea480a80b1f9d4 avia-iconlist-animate'>\n<li><div class='iconlist_icon av-ms5kv-7c91e1283ca4a4dfa334b46c2b3d7bee avia-font-entypo-fontello'><span class='iconlist-char' aria-hidden='true' data-av_icon='\ue854' data-av_iconfont='entypo-fontello'><\/span><\/div><article class=\"article-icon-entry av-iconlist-empty\"  itemscope=\"itemscope\" itemtype=\"https:\/\/schema.org\/CreativeWork\" ><div class=\"iconlist_content_wrap\"><header class=\"entry-content-header\"><div class='av_iconlist_title iconlist_title_small  av_inherit_color'  itemprop=\"headline\" >Cel: (03857) 433313 \/ 433314 \/ 433315. Tel. fijo: (03857) 421344<\/div><\/header><div class='iconlist_content av_inherit_color'  itemprop=\"text\" ><\/div><\/div><footer class=\"entry-footer\"><\/footer><\/article><div class=\"iconlist-timeline\"><\/div><\/li>\n<li><a href='https:\/\/www.mutualucyd.com\/turismo\/contacto\/' title='turismomutual@mutualucyd.com.ar'  class='iconlist_icon av-8c8wa-73509d2b8f1c491c84bedc04ec908ce6 avia-font-entypo-fontello'><span class='iconlist-char' aria-hidden='true' data-av_icon='\ue805' data-av_iconfont='entypo-fontello'><\/span><\/a><article class=\"article-icon-entry av-iconlist-empty\"  itemscope=\"itemscope\" itemtype=\"https:\/\/schema.org\/CreativeWork\" ><div class=\"iconlist_content_wrap\"><header class=\"entry-content-header\"><div class='av_iconlist_title iconlist_title_small  av_inherit_color'  itemprop=\"headline\" ><a href='https:\/\/www.mutualucyd.com\/turismo\/contacto\/' title='turismomutual@mutualucyd.com.ar'>turismomutual@mutualucyd.com.ar<\/a><\/div><\/header><div class='iconlist_content av_inherit_color'  itemprop=\"text\" ><\/div><\/div><footer class=\"entry-footer\"><\/footer><\/article><div class=\"iconlist-timeline\"><\/div><\/li>\n<li><div class='iconlist_icon av-9ydcn-d73a4ace6106eb68204d26dd1776a785 avia-font-entypo-fontello'><span class='iconlist-char' aria-hidden='true' data-av_icon='\ue842' data-av_iconfont='entypo-fontello'><\/span><\/div><article class=\"article-icon-entry av-iconlist-empty\"  itemscope=\"itemscope\" itemtype=\"https:\/\/schema.org\/CreativeWork\" ><div class=\"iconlist_content_wrap\"><header class=\"entry-content-header\"><div class='av_iconlist_title iconlist_title_small  av_inherit_color'  itemprop=\"headline\" >Mitre 179. Bandera, Santiago del Estero. Argentina.<\/div><\/header><div class='iconlist_content av_inherit_color'  itemprop=\"text\" ><\/div><\/div><footer class=\"entry-footer\"><\/footer><\/article><div class=\"iconlist-timeline\"><\/div><\/li>\n<\/ul><\/div><\/div><\/p>\n<\/div><\/div>\n<style type=\"text\/css\" data-created_by=\"avia_inline_auto\" id=\"style-css-av-1a7flr-0c8bc04cc058eb3ca0342de109c248f9\">\n.flex_cell.av-1a7flr-0c8bc04cc058eb3ca0342de109c248f9{\nvertical-align:top;\nbackground-color:#12b9ec;\n}\n.responsive #top #wrap_all .flex_cell.av-1a7flr-0c8bc04cc058eb3ca0342de109c248f9{\npadding:90px 50px 90px 50px !important;\n}\n<\/style>\n<div class='flex_cell av-1a7flr-0c8bc04cc058eb3ca0342de109c248f9 av-gridrow-cell av_one_third no_margin  avia-builder-el-60  el_after_av_cell_one_third  avia-builder-el-last  avia-full-stretch'  ><div class='flex_cell_inner'>\n<style type=\"text\/css\" data-created_by=\"avia_inline_auto\" id=\"style-css-av-jigcdv7n-5ade5cac7f091b89680b63965f43ed5f\">\n#top .av_textblock_section.av-jigcdv7n-5ade5cac7f091b89680b63965f43ed5f .avia_textblock{\nfont-size:15px;\ncolor:#ffffff;\n}\n<\/style>\n<section  class='av_textblock_section av-jigcdv7n-5ade5cac7f091b89680b63965f43ed5f '   itemscope=\"itemscope\" itemtype=\"https:\/\/schema.org\/CreativeWork\" ><div class='avia_textblock av_inherit_color'  itemprop=\"text\" ><p>La Mutual del Club UCyD es una Entidad de Econom\u00eda Solidaria y de Ayuda Social, con m\u00e1s de 25 a\u00f1os de trabajo sostenido y que, orientada a sus socios, se esfuerza continuamente por conocer y satisfacer las necesidades de la comunidad toda.<\/p>\n<\/div><\/section>\n<\/div><\/div>\n<\/div>\n","protected":false},"excerpt":{"rendered":"","protected":false},"featured_media":1480,"template":"","meta":[],"product_brand":[],"product_cat":[27,39],"product_tag":[],"class_list":{"0":"post-1489","1":"product","2":"type-product","3":"status-publish","4":"has-post-thumbnail","6":"product_cat-brasil","7":"product_cat-ofertas","9":"first","10":"instock","11":"shipping-taxable","12":"product-type-simple"},"publishpress_future_workflow_manual_trigger":{"enabledWorkflows":[]},"_links":{"self":[{"href":"https:\/\/www.mutualucyd.com\/turismo\/wp-json\/wp\/v2\/product\/1489","targetHints":{"allow":["GET"]}}],"collection":[{"href":"https:\/\/www.mutualucyd.com\/turismo\/wp-json\/wp\/v2\/product"}],"about":[{"href":"https:\/\/www.mutualucyd.com\/turismo\/wp-json\/wp\/v2\/types\/product"}],"wp:featuredmedia":[{"embeddable":true,"href":"https:\/\/www.mutualucyd.com\/turismo\/wp-json\/wp\/v2\/media\/1480"}],"wp:attachment":[{"href":"https:\/\/www.mutualucyd.com\/turismo\/wp-json\/wp\/v2\/media?parent=1489"}],"wp:term":[{"taxonomy":"product_brand","embeddable":true,"href":"https:\/\/www.mutualucyd.com\/turismo\/wp-json\/wp\/v2\/product_brand?post=1489"},{"taxonomy":"product_cat","embeddable":true,"href":"https:\/\/www.mutualucyd.com\/turismo\/wp-json\/wp\/v2\/product_cat?post=1489"},{"taxonomy":"product_tag","embeddable":true,"href":"https:\/\/www.mutualucyd.com\/turismo\/wp-json\/wp\/v2\/product_tag?post=1489"}],"curies":[{"name":"wp","href":"https:\/\/api.w.org\/{rel}","templated":true}]}}